{"id":1825,"date":"2022-05-02T14:03:38","date_gmt":"2022-05-02T12:03:38","guid":{"rendered":"http:\/\/asolaa.ac.at\/wordpress\/?page_id=1825"},"modified":"2025-12-04T08:10:04","modified_gmt":"2025-12-04T07:10:04","slug":"berichte","status":"publish","type":"page","link":"https:\/\/asolaa.ac.at\/wordpress\/berichte\/","title":{"rendered":"BERICHTE"},"content":{"rendered":"<div class=\"wpb-content-wrapper\"><p>[vc_row][vc_column]<style type=\"text\/css\" data-type=\"the7_shortcodes-inline-css\">.blog-shortcode.blog-list-shortcode-id-882b97f18d6b87b69f4798b0ad4da5b7.content-bg-on.classic-layout-list article {\n  background: #ffffff;\n  box-shadow: none;\n}\n.blog-shortcode.blog-list-shortcode-id-882b97f18d6b87b69f4798b0ad4da5b7.dividers-on.classic-layout-list article {\n  margin-top: 50px;\n  padding-top: 0;\n}\n.blog-shortcode.blog-list-shortcode-id-882b97f18d6b87b69f4798b0ad4da5b7.dividers-on.classic-layout-list article:first-of-type {\n  margin-top: 0;\n  padding-top: 0;\n}\n.blog-shortcode.blog-list-shortcode-id-882b97f18d6b87b69f4798b0ad4da5b7.classic-layout-list.mode-list .post-thumbnail-wrap {\n  width: 50%;\n}\n.blog-shortcode.blog-list-shortcode-id-882b97f18d6b87b69f4798b0ad4da5b7.classic-layout-list.mode-list .post-entry-content {\n  width: calc(100% - 50%);\n}\n.blog-shortcode.blog-list-shortcode-id-882b97f18d6b87b69f4798b0ad4da5b7.classic-layout-list.mode-list .no-img .post-entry-content {\n  width: 100%;\n}\n.blog-shortcode.blog-list-shortcode-id-882b97f18d6b87b69f4798b0ad4da5b7 .filter-bg-decoration .filter-categories a.act {\n  color: #fff;\n}\n.blog-shortcode.blog-list-shortcode-id-882b97f18d6b87b69f4798b0ad4da5b7:not(.mode-masonry) article {\n  margin-top: 50px;\n}\n.blog-shortcode.blog-list-shortcode-id-882b97f18d6b87b69f4798b0ad4da5b7:not(.mode-masonry) article:first-of-type,\n.blog-shortcode.blog-list-shortcode-id-882b97f18d6b87b69f4798b0ad4da5b7:not(.mode-masonry) article.visible.first:not(.product) {\n  margin-top: 0;\n}\n.blog-shortcode.blog-list-shortcode-id-882b97f18d6b87b69f4798b0ad4da5b7.dividers-on:not(.mode-masonry) article {\n  margin-top: 0;\n  padding-top: 50px;\n}\n.blog-shortcode.blog-list-shortcode-id-882b97f18d6b87b69f4798b0ad4da5b7.dividers-on:not(.mode-masonry) article:first-of-type,\n.blog-shortcode.blog-list-shortcode-id-882b97f18d6b87b69f4798b0ad4da5b7.dividers-on:not(.mode-masonry) article.visible.first:not(.product) {\n  margin-top: 0;\n  padding-top: 0;\n}\n.blog-shortcode.blog-list-shortcode-id-882b97f18d6b87b69f4798b0ad4da5b7 .post-thumbnail-wrap {\n  padding: 20px 0px 20px 20px;\n}\n.blog-shortcode.blog-list-shortcode-id-882b97f18d6b87b69f4798b0ad4da5b7.enable-bg-rollover .post-thumbnail-rollover:after {\n  background: -webkit-linear-gradient();\n  background: linear-gradient();\n}\n.blog-shortcode.blog-list-shortcode-id-882b97f18d6b87b69f4798b0ad4da5b7 .gallery-zoom-ico {\n  width: 44px;\n  height: 44px;\n  line-height: 44px;\n  border-radius: 100px;\n  margin: -22px 0 0 -22px;\n  border-width: 0px;\n  color: #ffffff;\n}\n.bottom-overlap-layout-list.blog-shortcode.blog-list-shortcode-id-882b97f18d6b87b69f4798b0ad4da5b7 .gallery-zoom-ico {\n  margin-top: -22px;\n}\n.gradient-overlay-layout-list.blog-shortcode.blog-list-shortcode-id-882b97f18d6b87b69f4798b0ad4da5b7 .gallery-zoom-ico,\n.content-rollover-layout-list.blog-shortcode.blog-list-shortcode-id-882b97f18d6b87b69f4798b0ad4da5b7 .gallery-zoom-ico {\n  margin: 0 0 10px;\n}\n.content-align-center.gradient-overlay-layout-list.blog-shortcode.blog-list-shortcode-id-882b97f18d6b87b69f4798b0ad4da5b7 .gallery-zoom-ico,\n.content-align-center.content-rollover-layout-list.blog-shortcode.blog-list-shortcode-id-882b97f18d6b87b69f4798b0ad4da5b7 .gallery-zoom-ico {\n  margin: 0 auto 10px;\n}\n.dt-icon-bg-on.blog-shortcode.blog-list-shortcode-id-882b97f18d6b87b69f4798b0ad4da5b7 .gallery-zoom-ico {\n  background: rgba(255,255,255,0.3);\n  box-shadow: none;\n}\n.blog-shortcode.blog-list-shortcode-id-882b97f18d6b87b69f4798b0ad4da5b7 .gallery-zoom-ico > span,\n.blog-shortcode.blog-list-shortcode-id-882b97f18d6b87b69f4798b0ad4da5b7 .gallery-zoom-ico:before {\n  font-size: 32px;\n  line-height: 44px;\n}\n.blog-shortcode.blog-list-shortcode-id-882b97f18d6b87b69f4798b0ad4da5b7 .gallery-zoom-ico > span,\n.blog-shortcode.blog-list-shortcode-id-882b97f18d6b87b69f4798b0ad4da5b7 .gallery-zoom-ico:before {\n  color: #ffffff;\n}\n.blog-shortcode.blog-list-shortcode-id-882b97f18d6b87b69f4798b0ad4da5b7 .fancy-date a {\n  background: #ffffff;\n  box-shadow: none;\n}\n.blog-shortcode.blog-list-shortcode-id-882b97f18d6b87b69f4798b0ad4da5b7 .fancy-date a * {\n  color: #2d2d2d;\n}\n.blog-shortcode.blog-list-shortcode-id-882b97f18d6b87b69f4798b0ad4da5b7 .entry-title,\n.blog-shortcode.blog-list-shortcode-id-882b97f18d6b87b69f4798b0ad4da5b7.owl-carousel .entry-title {\n  margin-bottom: 5px;\n  font-weight: bold;\n}\n.blog-shortcode.blog-list-shortcode-id-882b97f18d6b87b69f4798b0ad4da5b7 .entry-meta {\n  margin-bottom: 15px;\n}\n.blog-shortcode.blog-list-shortcode-id-882b97f18d6b87b69f4798b0ad4da5b7 .entry-meta * {\n  color: #ffb536;\n  font-weight: bold;\n}\n.blog-shortcode.blog-list-shortcode-id-882b97f18d6b87b69f4798b0ad4da5b7 .portfolio-categories {\n  margin-bottom: 15px;\n}\n.blog-shortcode.blog-list-shortcode-id-882b97f18d6b87b69f4798b0ad4da5b7 .entry-meta > a:after,\n.blog-shortcode.blog-list-shortcode-id-882b97f18d6b87b69f4798b0ad4da5b7 .entry-meta > span:after {\n  background: #ffb536;\n  box-shadow: none;\n}\n.blog-shortcode.blog-list-shortcode-id-882b97f18d6b87b69f4798b0ad4da5b7 .entry-excerpt {\n  margin-bottom: 5px;\n  font-size: 18px;\n  line-height: 24px;\n}\n.blog-shortcode.blog-list-shortcode-id-882b97f18d6b87b69f4798b0ad4da5b7:not(.centered-layout-list) .post-entry-content {\n  padding: 25px 30px 30px 30px;\n}\n.blog-shortcode.blog-list-shortcode-id-882b97f18d6b87b69f4798b0ad4da5b7:not(.centered-layout-list):not(.content-bg-on):not(.mode-list) .no-img .post-entry-content {\n  padding: 0;\n}\n.blog-shortcode.blog-list-shortcode-id-882b97f18d6b87b69f4798b0ad4da5b7.content-bg-on:not(.classic-layout-list):not(.centered-layout-list) .post-entry-content {\n  background: #ffffff;\n  box-shadow: none;\n}\n@media screen and (max-width: 768px) {\n  .blog-shortcode.blog-list-shortcode-id-882b97f18d6b87b69f4798b0ad4da5b7 article {\n    -ms-flex-flow: column nowrap;\n    flex-flow: column nowrap;\n    margin-top: 20px;\n  }\n  .blog-shortcode.blog-list-shortcode-id-882b97f18d6b87b69f4798b0ad4da5b7.dividers-on article {\n    border: none;\n  }\n  .blog-shortcode.blog-list-shortcode-id-882b97f18d6b87b69f4798b0ad4da5b7.content-bg-on.centered-layout-list article {\n    padding: 0;\n  }\n  .blog-shortcode.blog-list-shortcode-id-882b97f18d6b87b69f4798b0ad4da5b7.blog-shortcode.dividers-on article,\n  .blog-shortcode.blog-list-shortcode-id-882b97f18d6b87b69f4798b0ad4da5b7.dividers-on.classic-layout-list article {\n    margin-top: 20px;\n    padding: 0;\n  }\n  .blog-shortcode.blog-list-shortcode-id-882b97f18d6b87b69f4798b0ad4da5b7.blog-shortcode.dividers-on article:first-of-type,\n  .blog-shortcode.blog-list-shortcode-id-882b97f18d6b87b69f4798b0ad4da5b7.dividers-on.classic-layout-list article:first-of-type {\n    padding: 0;\n  }\n  #page .blog-shortcode.blog-list-shortcode-id-882b97f18d6b87b69f4798b0ad4da5b7 .post-thumbnail-wrap,\n  #page .blog-shortcode.blog-list-shortcode-id-882b97f18d6b87b69f4798b0ad4da5b7 .post-entry-content {\n    width: 100%;\n    margin: 0;\n    top: 0;\n  }\n  #page .blog-shortcode.blog-list-shortcode-id-882b97f18d6b87b69f4798b0ad4da5b7 .post-thumbnail-wrap {\n    padding: 0;\n  }\n  #page .blog-shortcode.blog-list-shortcode-id-882b97f18d6b87b69f4798b0ad4da5b7 .post-entry-content:after {\n    display: none;\n  }\n  #page .blog-shortcode.blog-list-shortcode-id-882b97f18d6b87b69f4798b0ad4da5b7 .project-even .post-thumbnail-wrap,\n  #page .blog-shortcode.blog-list-shortcode-id-882b97f18d6b87b69f4798b0ad4da5b7.centered-layout-list .post-thumbnail-wrap {\n    -ms-flex-order: 0;\n    order: 0;\n  }\n  #page .blog-shortcode.blog-list-shortcode-id-882b97f18d6b87b69f4798b0ad4da5b7.centered-layout-list .post-entry-title-content {\n    -ms-flex-order: 1;\n    order: 1;\n    width: 100%;\n    padding: 20px 20px 0;\n  }\n  #page .blog-shortcode.blog-list-shortcode-id-882b97f18d6b87b69f4798b0ad4da5b7.centered-layout-list .post-entry-content {\n    -ms-flex-order: 2;\n    order: 2;\n    padding-top: 0;\n  }\n  #page .blog-shortcode.blog-list-shortcode-id-882b97f18d6b87b69f4798b0ad4da5b7 .fancy-categories {\n    top: 10px;\n    left: 10px;\n    bottom: auto;\n    right: auto;\n  }\n  #page .blog-shortcode.blog-list-shortcode-id-882b97f18d6b87b69f4798b0ad4da5b7 .fancy-date a {\n    top: 10px;\n    right: 10px;\n    left: auto;\n    bottom: auto;\n  }\n  #page .blog-shortcode.blog-list-shortcode-id-882b97f18d6b87b69f4798b0ad4da5b7 .post-entry-content {\n    padding: 20px;\n  }\n  #page .blog-shortcode.blog-list-shortcode-id-882b97f18d6b87b69f4798b0ad4da5b7 .entry-title {\n    margin: 3px 0 5px;\n    font-size: 20px;\n    line-height: 26px;\n  }\n  #page .blog-shortcode.blog-list-shortcode-id-882b97f18d6b87b69f4798b0ad4da5b7 .entry-meta {\n    margin: 5px 0 5px;\n  }\n  #page .blog-shortcode.blog-list-shortcode-id-882b97f18d6b87b69f4798b0ad4da5b7 .entry-excerpt {\n    margin: 15px 0 0;\n  }\n  #page .blog-shortcode.blog-list-shortcode-id-882b97f18d6b87b69f4798b0ad4da5b7 .post-details {\n    margin: 5px 0 10px;\n  }\n  #page .blog-shortcode.blog-list-shortcode-id-882b97f18d6b87b69f4798b0ad4da5b7 .post-details.details-type-link {\n    margin-bottom: 2px;\n  }\n}<\/style><div class=\"articles-list blog-shortcode mode-list blog-list-shortcode-id-882b97f18d6b87b69f4798b0ad4da5b7 classic-layout-list content-bg-on enable-bg-rollover jquery-filter quick-scale-img dt-icon-bg-off loading-effect-fade-in\" data-cur-page=\"1\" data-post-limit=\"5\" data-pagination-mode=\"load-more\" aria-live=\"assertive\"><article class=\"post project-odd visible post-58041 type-post status-publish format-standard has-post-thumbnail hentry category-aktuelles-2025-26 category-452 description-off\" data-name=\"Erfolgreich durch die Radfahrpr\u00fcfung!\" data-date=\"2026-04-18T17:51:31+02:00\">\n\n<div class=\"post-thumbnail-wrap\">\n\t<div class=\"post-thumbnail\">\n\n\t\t\n\t\t\n\t\t<a href=\"https:\/\/asolaa.ac.at\/wordpress\/erfolgreich-durch-die-radfahrpruefung\/\" class=\"post-thumbnail-rollover layzr-bg layzr-bg\" ><img fetchpriority=\"high\" decoding=\"async\" class=\"blog-thumb-lazy-load preload-me lazy-load aspect\" src=\"data:image\/svg+xml,%3Csvg%20xmlns%3D&#39;http%3A%2F%2Fwww.w3.org%2F2000%2Fsvg&#39;%20viewBox%3D&#39;0%200%20768%20582&#39;%2F%3E\" data-src=\"https:\/\/asolaa.ac.at\/wordpress\/wp-content\/uploads\/2026\/04\/WhatsApp-Image-2026-04-18-at-17.34.30-768x582.jpeg\" data-srcset=\"https:\/\/asolaa.ac.at\/wordpress\/wp-content\/uploads\/2026\/04\/WhatsApp-Image-2026-04-18-at-17.34.30-768x582.jpeg 768w, https:\/\/asolaa.ac.at\/wordpress\/wp-content\/uploads\/2026\/04\/WhatsApp-Image-2026-04-18-at-17.34.30-1306x989.jpeg 1306w\" loading=\"eager\" style=\"--ratio: 768 \/ 582\" sizes=\"(max-width: 768px) 100vw, 768px\" alt=\"\" title=\"WhatsApp Image 2026-04-18 at 17.34.30\" width=\"768\" height=\"582\"  \/><\/a>\n\t<\/div>\n<\/div>\n\n\n<div class=\"post-entry-content\">\n\n\t<h3 class=\"entry-title\">\n\t\t<a href=\"https:\/\/asolaa.ac.at\/wordpress\/erfolgreich-durch-die-radfahrpruefung\/\" title=\"Erfolgreich durch die Radfahrpr\u00fcfung!\" rel=\"bookmark\">Erfolgreich durch die Radfahrpr\u00fcfung!<\/a>\n\t<\/h3>\n\n\t\n\t<div class=\"entry-excerpt\"><p>[vc_row][vc_column][vc_column_text css=&#8220;&#8220;] Am Freitag, den 17. April, absolvierten einige Sch\u00fclerinnen und Sch\u00fcler erfolgreich die Radfahrpr\u00fcfung in Theorie und Praxis. Mit&hellip;<\/p>\n<\/div>\n\t\n<a href=\"https:\/\/asolaa.ac.at\/wordpress\/erfolgreich-durch-die-radfahrpruefung\/\" class=\"dt-btn-s dt-btn post-details details-type-btn\" aria-label=\"Read more about Erfolgreich durch die Radfahrpr\u00fcfung!\">weiterlesen<i class=\"dt-icon-the7-arrow-03\" aria-hidden=\"true\"><\/i><\/a>\n\n<\/div><\/article><article class=\"post project-odd visible post-58036 type-post status-publish format-standard has-post-thumbnail hentry category-aktuelles-2025-26 category-452 description-off\" data-name=\"Oster-Lesespaziergang\" data-date=\"2026-03-27T12:45:52+01:00\">\n\n<div class=\"post-thumbnail-wrap\">\n\t<div class=\"post-thumbnail\">\n\n\t\t\n\t\t\n\t\t<a href=\"https:\/\/asolaa.ac.at\/wordpress\/oster-lesespaziergang\/\" class=\"post-thumbnail-rollover layzr-bg layzr-bg\" ><img decoding=\"async\" class=\"blog-thumb-lazy-load preload-me lazy-load aspect\" src=\"data:image\/svg+xml,%3Csvg%20xmlns%3D&#39;http%3A%2F%2Fwww.w3.org%2F2000%2Fsvg&#39;%20viewBox%3D&#39;0%200%20768%20576&#39;%2F%3E\" data-src=\"https:\/\/asolaa.ac.at\/wordpress\/wp-content\/uploads\/2026\/03\/WhatsApp-Image-2026-03-27-at-11.35.00-1-768x576.jpeg\" data-srcset=\"https:\/\/asolaa.ac.at\/wordpress\/wp-content\/uploads\/2026\/03\/WhatsApp-Image-2026-03-27-at-11.35.00-1-768x576.jpeg 768w, https:\/\/asolaa.ac.at\/wordpress\/wp-content\/uploads\/2026\/03\/WhatsApp-Image-2026-03-27-at-11.35.00-1-1306x979.jpeg 1306w\" loading=\"eager\" style=\"--ratio: 768 \/ 576\" sizes=\"(max-width: 768px) 100vw, 768px\" alt=\"\" title=\"WhatsApp Image 2026-03-27 at 11.35.00 (1)\" width=\"768\" height=\"576\"  \/><\/a>\n\t<\/div>\n<\/div>\n\n\n<div class=\"post-entry-content\">\n\n\t<h3 class=\"entry-title\">\n\t\t<a href=\"https:\/\/asolaa.ac.at\/wordpress\/oster-lesespaziergang\/\" title=\"Oster-Lesespaziergang\" rel=\"bookmark\">Oster-Lesespaziergang<\/a>\n\t<\/h3>\n\n\t\n\t<div class=\"entry-excerpt\"><p>[vc_row][vc_column][vc_column_text css=&#8220;&#8220;]Der klassen\u00fcbergreifende Oster-Lesespaziergang der Klassen 3E und 4E war ein voller Erfolg. In der gesamten Aula waren \u00f6sterliche Bildkarten&hellip;<\/p>\n<\/div>\n\t\n<a href=\"https:\/\/asolaa.ac.at\/wordpress\/oster-lesespaziergang\/\" class=\"dt-btn-s dt-btn post-details details-type-btn\" aria-label=\"Read more about Oster-Lesespaziergang\">weiterlesen<i class=\"dt-icon-the7-arrow-03\" aria-hidden=\"true\"><\/i><\/a>\n\n<\/div><\/article><article class=\"post project-odd visible post-58033 type-post status-publish format-standard has-post-thumbnail hentry category-aktuelles-2025-26 category-452 description-off\" data-name=\"Wasserspa\u00df mit Lerneffekt: Thermenbesuch\" data-date=\"2026-03-26T18:22:55+01:00\">\n\n<div class=\"post-thumbnail-wrap\">\n\t<div class=\"post-thumbnail\">\n\n\t\t\n\t\t\n\t\t<a href=\"https:\/\/asolaa.ac.at\/wordpress\/wasserspass-mit-lerneffekt-thermenbesuch\/\" class=\"post-thumbnail-rollover layzr-bg layzr-bg\" ><img decoding=\"async\" class=\"blog-thumb-lazy-load preload-me lazy-load aspect\" src=\"data:image\/svg+xml,%3Csvg%20xmlns%3D&#39;http%3A%2F%2Fwww.w3.org%2F2000%2Fsvg&#39;%20viewBox%3D&#39;0%200%20768%20576&#39;%2F%3E\" data-src=\"https:\/\/asolaa.ac.at\/wordpress\/wp-content\/uploads\/2026\/03\/WhatsApp-Image-2026-03-26-at-17.54.28-768x576.jpeg\" data-srcset=\"https:\/\/asolaa.ac.at\/wordpress\/wp-content\/uploads\/2026\/03\/WhatsApp-Image-2026-03-26-at-17.54.28-768x576.jpeg 768w, https:\/\/asolaa.ac.at\/wordpress\/wp-content\/uploads\/2026\/03\/WhatsApp-Image-2026-03-26-at-17.54.28-1306x979.jpeg 1306w\" loading=\"eager\" style=\"--ratio: 768 \/ 576\" sizes=\"(max-width: 768px) 100vw, 768px\" alt=\"\" title=\"WhatsApp Image 2026-03-26 at 17.54.28\" width=\"768\" height=\"576\"  \/><\/a>\n\t<\/div>\n<\/div>\n\n\n<div class=\"post-entry-content\">\n\n\t<h3 class=\"entry-title\">\n\t\t<a href=\"https:\/\/asolaa.ac.at\/wordpress\/wasserspass-mit-lerneffekt-thermenbesuch\/\" title=\"Wasserspa\u00df mit Lerneffekt: Thermenbesuch\" rel=\"bookmark\">Wasserspa\u00df mit Lerneffekt: Thermenbesuch<\/a>\n\t<\/h3>\n\n\t\n\t<div class=\"entry-excerpt\"><p>[vc_row][vc_column][vc_column_text] Am letzten Donnerstag vor den Osterferien unternahmen wir einen Ausflug in die Therme. Neben Bewegung und gemeinschaftlichen Erlebnissen stand&hellip;<\/p>\n<\/div>\n\t\n<a href=\"https:\/\/asolaa.ac.at\/wordpress\/wasserspass-mit-lerneffekt-thermenbesuch\/\" class=\"dt-btn-s dt-btn post-details details-type-btn\" aria-label=\"Read more about Wasserspa\u00df mit Lerneffekt: Thermenbesuch\">weiterlesen<i class=\"dt-icon-the7-arrow-03\" aria-hidden=\"true\"><\/i><\/a>\n\n<\/div><\/article><article class=\"post project-odd visible post-58029 type-post status-publish format-standard has-post-thumbnail hentry category-aktuelles-2025-26 category-452 description-off\" data-name=\"Liturgie\" data-date=\"2026-03-25T18:08:46+01:00\">\n\n<div class=\"post-thumbnail-wrap\">\n\t<div class=\"post-thumbnail\">\n\n\t\t\n\t\t\n\t\t<a href=\"https:\/\/asolaa.ac.at\/wordpress\/liturgie\/\" class=\"post-thumbnail-rollover layzr-bg layzr-bg\" ><img decoding=\"async\" class=\"blog-thumb-lazy-load preload-me lazy-load aspect\" src=\"data:image\/svg+xml,%3Csvg%20xmlns%3D&#39;http%3A%2F%2Fwww.w3.org%2F2000%2Fsvg&#39;%20viewBox%3D&#39;0%200%20768%20576&#39;%2F%3E\" data-src=\"https:\/\/asolaa.ac.at\/wordpress\/wp-content\/uploads\/2026\/03\/WhatsApp-Image-2026-03-25-at-16.57.51-1-768x576.jpeg\" data-srcset=\"https:\/\/asolaa.ac.at\/wordpress\/wp-content\/uploads\/2026\/03\/WhatsApp-Image-2026-03-25-at-16.57.51-1-768x576.jpeg 768w, https:\/\/asolaa.ac.at\/wordpress\/wp-content\/uploads\/2026\/03\/WhatsApp-Image-2026-03-25-at-16.57.51-1-1306x979.jpeg 1306w\" loading=\"eager\" style=\"--ratio: 768 \/ 576\" sizes=\"(max-width: 768px) 100vw, 768px\" alt=\"\" title=\"WhatsApp Image 2026-03-25 at 16.57.51 (1)\" width=\"768\" height=\"576\"  \/><\/a>\n\t<\/div>\n<\/div>\n\n\n<div class=\"post-entry-content\">\n\n\t<h3 class=\"entry-title\">\n\t\t<a href=\"https:\/\/asolaa.ac.at\/wordpress\/liturgie\/\" title=\"Liturgie\" rel=\"bookmark\">Liturgie<\/a>\n\t<\/h3>\n\n\t\n\t<div class=\"entry-excerpt\"><p>[vc_row][vc_column][vc_column_text css=&#8220;&#8220;]Am Dienstag vor den Osterferien besuchte uns unser Pfarrer Philipp. Der liturgische Schulgottesdienst fand in unserer Aula statt. Nicht&hellip;<\/p>\n<\/div>\n\t\n<a href=\"https:\/\/asolaa.ac.at\/wordpress\/liturgie\/\" class=\"dt-btn-s dt-btn post-details details-type-btn\" aria-label=\"Read more about Liturgie\">weiterlesen<i class=\"dt-icon-the7-arrow-03\" aria-hidden=\"true\"><\/i><\/a>\n\n<\/div><\/article><article class=\"post project-odd visible post-58026 type-post status-publish format-standard has-post-thumbnail hentry category-aktuelles-2025-26 category-452 description-off\" data-name=\"Einblicke in die vor\u00f6sterliche Zeit\" data-date=\"2026-03-25T17:39:47+01:00\">\n\n<div class=\"post-thumbnail-wrap\">\n\t<div class=\"post-thumbnail\">\n\n\t\t\n\t\t\n\t\t<a href=\"https:\/\/asolaa.ac.at\/wordpress\/einblicke-in-die-voroesterliche-zeit\/\" class=\"post-thumbnail-rollover layzr-bg layzr-bg\" ><img decoding=\"async\" class=\"blog-thumb-lazy-load preload-me lazy-load aspect\" src=\"data:image\/svg+xml,%3Csvg%20xmlns%3D&#39;http%3A%2F%2Fwww.w3.org%2F2000%2Fsvg&#39;%20viewBox%3D&#39;0%200%20768%20576&#39;%2F%3E\" data-src=\"https:\/\/asolaa.ac.at\/wordpress\/wp-content\/uploads\/2026\/03\/WhatsApp-Image-2026-03-25-at-17.22.24-768x576.jpeg\" data-srcset=\"https:\/\/asolaa.ac.at\/wordpress\/wp-content\/uploads\/2026\/03\/WhatsApp-Image-2026-03-25-at-17.22.24-768x576.jpeg 768w, https:\/\/asolaa.ac.at\/wordpress\/wp-content\/uploads\/2026\/03\/WhatsApp-Image-2026-03-25-at-17.22.24-1306x979.jpeg 1306w\" loading=\"eager\" style=\"--ratio: 768 \/ 576\" sizes=\"(max-width: 768px) 100vw, 768px\" alt=\"\" title=\"WhatsApp Image 2026-03-25 at 17.22.24\" width=\"768\" height=\"576\"  \/><\/a>\n\t<\/div>\n<\/div>\n\n\n<div class=\"post-entry-content\">\n\n\t<h3 class=\"entry-title\">\n\t\t<a href=\"https:\/\/asolaa.ac.at\/wordpress\/einblicke-in-die-voroesterliche-zeit\/\" title=\"Einblicke in die vor\u00f6sterliche Zeit\" rel=\"bookmark\">Einblicke in die vor\u00f6sterliche Zeit<\/a>\n\t<\/h3>\n\n\t\n\t<div class=\"entry-excerpt\"><p>[vc_row][vc_column][vc_column_text]In der letzten Woche vor den Osterferien gab es noch volles Programm. Es wurden Osternester gebastelt, Eier gef\u00e4rbt oder kreativ&hellip;<\/p>\n<\/div>\n\t\n<a href=\"https:\/\/asolaa.ac.at\/wordpress\/einblicke-in-die-voroesterliche-zeit\/\" class=\"dt-btn-s dt-btn post-details details-type-btn\" aria-label=\"Read more about Einblicke in die vor\u00f6sterliche Zeit\">weiterlesen<i class=\"dt-icon-the7-arrow-03\" aria-hidden=\"true\"><\/i><\/a>\n\n<\/div><\/article><article class=\"post project-odd hidden post-58023 type-post status-publish format-standard has-post-thumbnail hentry category-aktuelles-2025-26 category-452 description-off\" data-name=\"Ein m\u00e4rchenhafter Musicalbesuch\" data-date=\"2026-03-22T18:33:00+01:00\">\n\n<div class=\"post-thumbnail-wrap\">\n\t<div class=\"post-thumbnail\">\n\n\t\t\n\t\t\n\t\t<a href=\"https:\/\/asolaa.ac.at\/wordpress\/ein-maerchenhafter-musicalbesuch\/\" class=\"post-thumbnail-rollover layzr-bg layzr-bg\" ><img decoding=\"async\" class=\"blog-thumb-lazy-load preload-me lazy-load aspect\" src=\"data:image\/svg+xml,%3Csvg%20xmlns%3D&#39;http%3A%2F%2Fwww.w3.org%2F2000%2Fsvg&#39;%20viewBox%3D&#39;0%200%20768%20576&#39;%2F%3E\" data-src=\"https:\/\/asolaa.ac.at\/wordpress\/wp-content\/uploads\/2026\/03\/WhatsApp-Image-2026-03-22-at-18.17.15-2-768x576.jpeg\" data-srcset=\"https:\/\/asolaa.ac.at\/wordpress\/wp-content\/uploads\/2026\/03\/WhatsApp-Image-2026-03-22-at-18.17.15-2-768x576.jpeg 768w, https:\/\/asolaa.ac.at\/wordpress\/wp-content\/uploads\/2026\/03\/WhatsApp-Image-2026-03-22-at-18.17.15-2-1306x979.jpeg 1306w\" loading=\"eager\" style=\"--ratio: 768 \/ 576\" sizes=\"(max-width: 768px) 100vw, 768px\" alt=\"\" title=\"WhatsApp Image 2026-03-22 at 18.17.15 (2)\" width=\"768\" height=\"576\"  \/><\/a>\n\t<\/div>\n<\/div>\n\n\n<div class=\"post-entry-content\">\n\n\t<h3 class=\"entry-title\">\n\t\t<a href=\"https:\/\/asolaa.ac.at\/wordpress\/ein-maerchenhafter-musicalbesuch\/\" title=\"Ein m\u00e4rchenhafter Musicalbesuch\" rel=\"bookmark\">Ein m\u00e4rchenhafter Musicalbesuch<\/a>\n\t<\/h3>\n\n\t\n\t<div class=\"entry-excerpt\"><p>[vc_row][vc_column][vc_column_text] Die gesamte ASO besuchte vergangenen Donnerstag (19. M\u00e4rz) das Musical der Musikmittelschule in Laa. Die Auff\u00fchrung \u201eChaos im M\u00e4rchenland\u201c&hellip;<\/p>\n<\/div>\n\t\n<a href=\"https:\/\/asolaa.ac.at\/wordpress\/ein-maerchenhafter-musicalbesuch\/\" class=\"dt-btn-s dt-btn post-details details-type-btn\" aria-label=\"Read more about Ein m\u00e4rchenhafter Musicalbesuch\">weiterlesen<i class=\"dt-icon-the7-arrow-03\" aria-hidden=\"true\"><\/i><\/a>\n\n<\/div><\/article><article class=\"post project-odd hidden post-58019 type-post status-publish format-standard has-post-thumbnail hentry category-aktuelles-2025-26 category-452 description-off\" data-name=\"Wir bereiten uns f\u00fcr die freiwillige Radfahrpr\u00fcfung vor!\" data-date=\"2026-03-10T17:04:18+01:00\">\n\n<div class=\"post-thumbnail-wrap\">\n\t<div class=\"post-thumbnail\">\n\n\t\t\n\t\t\n\t\t<a href=\"https:\/\/asolaa.ac.at\/wordpress\/wir-bereiten-uns-fuer-die-freiwillige-radfahrpruefung-vor\/\" class=\"post-thumbnail-rollover layzr-bg layzr-bg\" ><img decoding=\"async\" class=\"blog-thumb-lazy-load preload-me lazy-load aspect\" src=\"data:image\/svg+xml,%3Csvg%20xmlns%3D&#39;http%3A%2F%2Fwww.w3.org%2F2000%2Fsvg&#39;%20viewBox%3D&#39;0%200%20768%20716&#39;%2F%3E\" data-src=\"https:\/\/asolaa.ac.at\/wordpress\/wp-content\/uploads\/2026\/03\/WhatsApp-Image-2026-03-10-at-11.14.20-768x716.jpeg\" data-srcset=\"https:\/\/asolaa.ac.at\/wordpress\/wp-content\/uploads\/2026\/03\/WhatsApp-Image-2026-03-10-at-11.14.20-768x716.jpeg 768w, https:\/\/asolaa.ac.at\/wordpress\/wp-content\/uploads\/2026\/03\/WhatsApp-Image-2026-03-10-at-11.14.20-1306x1217.jpeg 1306w\" loading=\"eager\" style=\"--ratio: 768 \/ 716\" sizes=\"(max-width: 768px) 100vw, 768px\" alt=\"\" title=\"WhatsApp Image 2026-03-10 at 11.14.20\" width=\"768\" height=\"716\"  \/><\/a>\n\t<\/div>\n<\/div>\n\n\n<div class=\"post-entry-content\">\n\n\t<h3 class=\"entry-title\">\n\t\t<a href=\"https:\/\/asolaa.ac.at\/wordpress\/wir-bereiten-uns-fuer-die-freiwillige-radfahrpruefung-vor\/\" title=\"Wir bereiten uns f\u00fcr die freiwillige Radfahrpr\u00fcfung vor!\" rel=\"bookmark\">Wir bereiten uns f\u00fcr die freiwillige Radfahrpr\u00fcfung vor!<\/a>\n\t<\/h3>\n\n\t\n\t<div class=\"entry-excerpt\"><p>[vc_row][vc_column][vc_column_text] Heute (9. M\u00e4rz 2026) fand an unserer Schule der erste Theoriekurs f\u00fcr die freiwillige Radfahrpr\u00fcfung statt. In dieser Einheit&hellip;<\/p>\n<\/div>\n\t\n<a href=\"https:\/\/asolaa.ac.at\/wordpress\/wir-bereiten-uns-fuer-die-freiwillige-radfahrpruefung-vor\/\" class=\"dt-btn-s dt-btn post-details details-type-btn\" aria-label=\"Read more about Wir bereiten uns f\u00fcr die freiwillige Radfahrpr\u00fcfung vor!\">weiterlesen<i class=\"dt-icon-the7-arrow-03\" aria-hidden=\"true\"><\/i><\/a>\n\n<\/div><\/article><article class=\"post project-odd hidden post-58013 type-post status-publish format-standard has-post-thumbnail hentry category-aktuelles-2025-26 category-452 description-off\" data-name=\"DER BERG RUFT&#8230;\" data-date=\"2026-03-07T15:44:23+01:00\">\n\n<div class=\"post-thumbnail-wrap\">\n\t<div class=\"post-thumbnail\">\n\n\t\t\n\t\t\n\t\t<a href=\"https:\/\/asolaa.ac.at\/wordpress\/der-berg-ruft\/\" class=\"post-thumbnail-rollover layzr-bg layzr-bg\" ><img decoding=\"async\" class=\"blog-thumb-lazy-load preload-me lazy-load aspect\" src=\"data:image\/svg+xml,%3Csvg%20xmlns%3D&#39;http%3A%2F%2Fwww.w3.org%2F2000%2Fsvg&#39;%20viewBox%3D&#39;0%200%20768%20576&#39;%2F%3E\" data-src=\"https:\/\/asolaa.ac.at\/wordpress\/wp-content\/uploads\/2026\/03\/IMG_3253-scaled-768x576.jpeg\" data-srcset=\"https:\/\/asolaa.ac.at\/wordpress\/wp-content\/uploads\/2026\/03\/IMG_3253-scaled-768x576.jpeg 768w, https:\/\/asolaa.ac.at\/wordpress\/wp-content\/uploads\/2026\/03\/IMG_3253-scaled-1306x979.jpeg 1306w\" loading=\"eager\" style=\"--ratio: 768 \/ 576\" sizes=\"(max-width: 768px) 100vw, 768px\" alt=\"\" title=\"IMG_3253\" width=\"768\" height=\"576\"  \/><\/a>\n\t<\/div>\n<\/div>\n\n\n<div class=\"post-entry-content\">\n\n\t<h3 class=\"entry-title\">\n\t\t<a href=\"https:\/\/asolaa.ac.at\/wordpress\/der-berg-ruft\/\" title=\"DER BERG RUFT&#8230;\" rel=\"bookmark\">DER BERG RUFT&#8230;<\/a>\n\t<\/h3>\n\n\t\n\t<div class=\"entry-excerpt\"><p>[vc_row][vc_column][vc_column_text]&#8230;.und somit packten sechs Kinder unserer Schule ihre Koffer. Gemeinsam mit der Sportmittelschule ging es in der ersten Woche im&hellip;<\/p>\n<\/div>\n\t\n<a href=\"https:\/\/asolaa.ac.at\/wordpress\/der-berg-ruft\/\" class=\"dt-btn-s dt-btn post-details details-type-btn\" aria-label=\"Read more about DER BERG RUFT&#8230;\">weiterlesen<i class=\"dt-icon-the7-arrow-03\" aria-hidden=\"true\"><\/i><\/a>\n\n<\/div><\/article><article class=\"post project-odd hidden post-58007 type-post status-publish format-standard has-post-thumbnail hentry category-aktuelles-2025-26 category-452 description-off\" data-name=\"\ud83c\udfad Faschingsdienstag: Ein bunter Tag voller Spa\u00df \ud83c\udf89\" data-date=\"2026-02-20T10:55:14+01:00\">\n\n<div class=\"post-thumbnail-wrap\">\n\t<div class=\"post-thumbnail\">\n\n\t\t\n\t\t\n\t\t<a href=\"https:\/\/asolaa.ac.at\/wordpress\/%f0%9f%8e%ad-faschingsdienstag-ein-bunter-tag-voller-spass-%f0%9f%8e%89\/\" class=\"post-thumbnail-rollover layzr-bg layzr-bg\" ><img decoding=\"async\" class=\"blog-thumb-lazy-load preload-me lazy-load aspect\" src=\"data:image\/svg+xml,%3Csvg%20xmlns%3D&#39;http%3A%2F%2Fwww.w3.org%2F2000%2Fsvg&#39;%20viewBox%3D&#39;0%200%20768%20576&#39;%2F%3E\" data-src=\"https:\/\/asolaa.ac.at\/wordpress\/wp-content\/uploads\/2026\/02\/WhatsApp-Image-2026-02-20-at-06.18.39-768x576.jpeg\" data-srcset=\"https:\/\/asolaa.ac.at\/wordpress\/wp-content\/uploads\/2026\/02\/WhatsApp-Image-2026-02-20-at-06.18.39-768x576.jpeg 768w, https:\/\/asolaa.ac.at\/wordpress\/wp-content\/uploads\/2026\/02\/WhatsApp-Image-2026-02-20-at-06.18.39-1306x979.jpeg 1306w\" loading=\"eager\" style=\"--ratio: 768 \/ 576\" sizes=\"(max-width: 768px) 100vw, 768px\" alt=\"\" title=\"WhatsApp Image 2026-02-20 at 06.18.39\" width=\"768\" height=\"576\"  \/><\/a>\n\t<\/div>\n<\/div>\n\n\n<div class=\"post-entry-content\">\n\n\t<h3 class=\"entry-title\">\n\t\t<a href=\"https:\/\/asolaa.ac.at\/wordpress\/%f0%9f%8e%ad-faschingsdienstag-ein-bunter-tag-voller-spass-%f0%9f%8e%89\/\" title=\"\ud83c\udfad Faschingsdienstag: Ein bunter Tag voller Spa\u00df \ud83c\udf89\" rel=\"bookmark\">\ud83c\udfad Faschingsdienstag: Ein bunter Tag voller Spa\u00df \ud83c\udf89<\/a>\n\t<\/h3>\n\n\t\n\t<div class=\"entry-excerpt\"><p>[vc_row][vc_column][vc_column_text]Wir feierten die 5. Jahreszeit mit vielen lustigen Verkleidungen. Prinzessinnen, Superhelden, Tiere und viele andere fantasievolle Gestalten sorgten schon am&hellip;<\/p>\n<\/div>\n\t\n<a href=\"https:\/\/asolaa.ac.at\/wordpress\/%f0%9f%8e%ad-faschingsdienstag-ein-bunter-tag-voller-spass-%f0%9f%8e%89\/\" class=\"dt-btn-s dt-btn post-details details-type-btn\" aria-label=\"Read more about \ud83c\udfad Faschingsdienstag: Ein bunter Tag voller Spa\u00df \ud83c\udf89\">weiterlesen<i class=\"dt-icon-the7-arrow-03\" aria-hidden=\"true\"><\/i><\/a>\n\n<\/div><\/article><article class=\"post project-odd hidden post-58003 type-post status-publish format-standard has-post-thumbnail hentry category-aktuelles-2025-26 category-452 description-off\" data-name=\"Upcycling wird gro\u00dfgeschrieben \u2013 Karton wird zum Faschingsstar! \ud83c\udfad\ud83d\udce6\" data-date=\"2026-02-12T18:06:52+01:00\">\n\n<div class=\"post-thumbnail-wrap\">\n\t<div class=\"post-thumbnail\">\n\n\t\t\n\t\t\n\t\t<a href=\"https:\/\/asolaa.ac.at\/wordpress\/upcycling-wird-grossgeschrieben-karton-wird-zum-faschingsstar-%f0%9f%8e%ad%f0%9f%93%a6\/\" class=\"post-thumbnail-rollover layzr-bg layzr-bg\" ><img decoding=\"async\" class=\"blog-thumb-lazy-load preload-me lazy-load aspect\" src=\"data:image\/svg+xml,%3Csvg%20xmlns%3D&#39;http%3A%2F%2Fwww.w3.org%2F2000%2Fsvg&#39;%20viewBox%3D&#39;0%200%20768%20587&#39;%2F%3E\" data-src=\"https:\/\/asolaa.ac.at\/wordpress\/wp-content\/uploads\/2026\/02\/WhatsApp-Image-2026-02-12-at-13.53.37-768x587.jpeg\" data-srcset=\"https:\/\/asolaa.ac.at\/wordpress\/wp-content\/uploads\/2026\/02\/WhatsApp-Image-2026-02-12-at-13.53.37-768x587.jpeg 768w, https:\/\/asolaa.ac.at\/wordpress\/wp-content\/uploads\/2026\/02\/WhatsApp-Image-2026-02-12-at-13.53.37-1306x998.jpeg 1306w\" loading=\"eager\" style=\"--ratio: 768 \/ 587\" sizes=\"(max-width: 768px) 100vw, 768px\" alt=\"\" title=\"WhatsApp Image 2026-02-12 at 13.53.37\" width=\"768\" height=\"587\"  \/><\/a>\n\t<\/div>\n<\/div>\n\n\n<div class=\"post-entry-content\">\n\n\t<h3 class=\"entry-title\">\n\t\t<a href=\"https:\/\/asolaa.ac.at\/wordpress\/upcycling-wird-grossgeschrieben-karton-wird-zum-faschingsstar-%f0%9f%8e%ad%f0%9f%93%a6\/\" title=\"Upcycling wird gro\u00dfgeschrieben \u2013 Karton wird zum Faschingsstar! \ud83c\udfad\ud83d\udce6\" rel=\"bookmark\">Upcycling wird gro\u00dfgeschrieben \u2013 Karton wird zum Faschingsstar! \ud83c\udfad\ud83d\udce6<\/a>\n\t<\/h3>\n\n\t\n\t<div class=\"entry-excerpt\"><p>[vc_row][vc_column][vc_column_text] Aus vermeintlichem Kartonm\u00fcll sind\u00a0 echte Hingucker entstanden! Mit viel Fantasie zauberten die Sch\u00fclerinnen und Sch\u00fcler kreative und lustige Faschingsk\u00f6pfe.&hellip;<\/p>\n<\/div>\n\t\n<a href=\"https:\/\/asolaa.ac.at\/wordpress\/upcycling-wird-grossgeschrieben-karton-wird-zum-faschingsstar-%f0%9f%8e%ad%f0%9f%93%a6\/\" class=\"dt-btn-s dt-btn post-details details-type-btn\" aria-label=\"Read more about Upcycling wird gro\u00dfgeschrieben \u2013 Karton wird zum Faschingsstar! \ud83c\udfad\ud83d\udce6\">weiterlesen<i class=\"dt-icon-the7-arrow-03\" aria-hidden=\"true\"><\/i><\/a>\n\n<\/div><\/article><article class=\"post project-odd hidden post-57999 type-post status-publish format-standard has-post-thumbnail hentry category-aktuelles-2025-26 category-452 description-off\" data-name=\"Eislaufen bei Traumwetter\" data-date=\"2026-02-01T11:21:20+01:00\">\n\n<div class=\"post-thumbnail-wrap\">\n\t<div class=\"post-thumbnail\">\n\n\t\t\n\t\t\n\t\t<a href=\"https:\/\/asolaa.ac.at\/wordpress\/eislaufen-bei-traumwetter\/\" class=\"post-thumbnail-rollover layzr-bg layzr-bg\" ><img decoding=\"async\" class=\"blog-thumb-lazy-load preload-me lazy-load aspect\" src=\"data:image\/svg+xml,%3Csvg%20xmlns%3D&#39;http%3A%2F%2Fwww.w3.org%2F2000%2Fsvg&#39;%20viewBox%3D&#39;0%200%20768%20576&#39;%2F%3E\" data-src=\"https:\/\/asolaa.ac.at\/wordpress\/wp-content\/uploads\/2026\/02\/WhatsApp-Image-2026-01-27-at-15.55.36-3-768x576.jpeg\" data-srcset=\"https:\/\/asolaa.ac.at\/wordpress\/wp-content\/uploads\/2026\/02\/WhatsApp-Image-2026-01-27-at-15.55.36-3-768x576.jpeg 768w, https:\/\/asolaa.ac.at\/wordpress\/wp-content\/uploads\/2026\/02\/WhatsApp-Image-2026-01-27-at-15.55.36-3-1306x979.jpeg 1306w\" loading=\"eager\" style=\"--ratio: 768 \/ 576\" sizes=\"(max-width: 768px) 100vw, 768px\" alt=\"\" title=\"WhatsApp Image 2026-01-27 at 15.55.36 (3)\" width=\"768\" height=\"576\"  \/><\/a>\n\t<\/div>\n<\/div>\n\n\n<div class=\"post-entry-content\">\n\n\t<h3 class=\"entry-title\">\n\t\t<a href=\"https:\/\/asolaa.ac.at\/wordpress\/eislaufen-bei-traumwetter\/\" title=\"Eislaufen bei Traumwetter\" rel=\"bookmark\">Eislaufen bei Traumwetter<\/a>\n\t<\/h3>\n\n\t\n\t<div class=\"entry-excerpt\"><p>[vc_row][vc_column][vc_column_text css=&#8220;&#8220;]Am Dienstag (27.1.) verbrachten 11 Kinder unserer Schule gemeinsam mit ihren Lehrerinnen Frau Dunkl, Frau Otahal und Frau Scheiner&hellip;<\/p>\n<\/div>\n\t\n<a href=\"https:\/\/asolaa.ac.at\/wordpress\/eislaufen-bei-traumwetter\/\" class=\"dt-btn-s dt-btn post-details details-type-btn\" aria-label=\"Read more about Eislaufen bei Traumwetter\">weiterlesen<i class=\"dt-icon-the7-arrow-03\" aria-hidden=\"true\"><\/i><\/a>\n\n<\/div><\/article><article class=\"post project-odd hidden post-57996 type-post status-publish format-standard has-post-thumbnail hentry category-aktuelles-2025-26 category-452 description-off\" data-name=\"Kino in der Schule\" data-date=\"2026-02-01T11:12:25+01:00\">\n\n<div class=\"post-thumbnail-wrap\">\n\t<div class=\"post-thumbnail\">\n\n\t\t\n\t\t\n\t\t<a href=\"https:\/\/asolaa.ac.at\/wordpress\/kino-in-der-schule\/\" class=\"post-thumbnail-rollover layzr-bg layzr-bg\" ><img decoding=\"async\" class=\"blog-thumb-lazy-load preload-me lazy-load aspect\" src=\"data:image\/svg+xml,%3Csvg%20xmlns%3D&#39;http%3A%2F%2Fwww.w3.org%2F2000%2Fsvg&#39;%20viewBox%3D&#39;0%200%20768%20576&#39;%2F%3E\" data-src=\"https:\/\/asolaa.ac.at\/wordpress\/wp-content\/uploads\/2026\/02\/WhatsApp-Image-2026-01-28-at-12.00.20-768x576.jpeg\" data-srcset=\"https:\/\/asolaa.ac.at\/wordpress\/wp-content\/uploads\/2026\/02\/WhatsApp-Image-2026-01-28-at-12.00.20-768x576.jpeg 768w, https:\/\/asolaa.ac.at\/wordpress\/wp-content\/uploads\/2026\/02\/WhatsApp-Image-2026-01-28-at-12.00.20-1306x979.jpeg 1306w\" loading=\"eager\" style=\"--ratio: 768 \/ 576\" sizes=\"(max-width: 768px) 100vw, 768px\" alt=\"\" title=\"WhatsApp Image 2026-01-28 at 12.00.20\" width=\"768\" height=\"576\"  \/><\/a>\n\t<\/div>\n<\/div>\n\n\n<div class=\"post-entry-content\">\n\n\t<h3 class=\"entry-title\">\n\t\t<a href=\"https:\/\/asolaa.ac.at\/wordpress\/kino-in-der-schule\/\" title=\"Kino in der Schule\" rel=\"bookmark\">Kino in der Schule<\/a>\n\t<\/h3>\n\n\t\n\t<div class=\"entry-excerpt\"><p>[vc_row][vc_column][vc_column_text]In der letzten Woche vor den Semesterferien wurde im Gegenstand \u201eErn\u00e4hrung und Haushalt\u201c flei\u00dfig f\u00fcr unser Klassen-Kino vorbereitet. Die Sch\u00fclerinnen&hellip;<\/p>\n<\/div>\n\t\n<a href=\"https:\/\/asolaa.ac.at\/wordpress\/kino-in-der-schule\/\" class=\"dt-btn-s dt-btn post-details details-type-btn\" aria-label=\"Read more about Kino in der Schule\">weiterlesen<i class=\"dt-icon-the7-arrow-03\" aria-hidden=\"true\"><\/i><\/a>\n\n<\/div><\/article><article class=\"post project-odd hidden post-57991 type-post status-publish format-standard has-post-thumbnail hentry category-aktuelles-2025-26 category-452 description-off\" data-name=\"Sportstunde zum Thema &#8222;Klettern&#8220;\" data-date=\"2026-01-16T18:09:45+01:00\">\n\n<div class=\"post-thumbnail-wrap\">\n\t<div class=\"post-thumbnail\">\n\n\t\t\n\t\t\n\t\t<a href=\"https:\/\/asolaa.ac.at\/wordpress\/sportstunde-zum-thema-klettern\/\" class=\"post-thumbnail-rollover layzr-bg layzr-bg\" ><img decoding=\"async\" class=\"blog-thumb-lazy-load preload-me lazy-load aspect\" src=\"data:image\/svg+xml,%3Csvg%20xmlns%3D&#39;http%3A%2F%2Fwww.w3.org%2F2000%2Fsvg&#39;%20viewBox%3D&#39;0%200%20768%20576&#39;%2F%3E\" data-src=\"https:\/\/asolaa.ac.at\/wordpress\/wp-content\/uploads\/2026\/01\/WhatsApp-Image-2026-01-16-at-18.02.22-768x576.jpeg\" data-srcset=\"https:\/\/asolaa.ac.at\/wordpress\/wp-content\/uploads\/2026\/01\/WhatsApp-Image-2026-01-16-at-18.02.22-768x576.jpeg 768w, https:\/\/asolaa.ac.at\/wordpress\/wp-content\/uploads\/2026\/01\/WhatsApp-Image-2026-01-16-at-18.02.22-1306x979.jpeg 1306w\" loading=\"eager\" style=\"--ratio: 768 \/ 576\" sizes=\"(max-width: 768px) 100vw, 768px\" alt=\"\" title=\"WhatsApp Image 2026-01-16 at 18.02.22\" width=\"768\" height=\"576\"  \/><\/a>\n\t<\/div>\n<\/div>\n\n\n<div class=\"post-entry-content\">\n\n\t<h3 class=\"entry-title\">\n\t\t<a href=\"https:\/\/asolaa.ac.at\/wordpress\/sportstunde-zum-thema-klettern\/\" title=\"Sportstunde zum Thema &#8222;Klettern&#8220;\" rel=\"bookmark\">Sportstunde zum Thema &#8222;Klettern&#8220;<\/a>\n\t<\/h3>\n\n\t\n\t<div class=\"entry-excerpt\"><p>[vc_row][vc_column][vc_column_text]Die Burschen der 1 A(MS) wollen ganz nach oben! Bravo![\/vc_column_text][\/vc_column][\/vc_row][vc_row][vc_column][vc_column_text]Hier geht\u00b4s zu den Fotos![\/vc_column_text][\/vc_column][\/vc_row]<\/p>\n<\/div>\n\t\n<a href=\"https:\/\/asolaa.ac.at\/wordpress\/sportstunde-zum-thema-klettern\/\" class=\"dt-btn-s dt-btn post-details details-type-btn\" aria-label=\"Read more about Sportstunde zum Thema &#8222;Klettern&#8220;\">weiterlesen<i class=\"dt-icon-the7-arrow-03\" aria-hidden=\"true\"><\/i><\/a>\n\n<\/div><\/article><article class=\"post project-odd hidden post-57988 type-post status-publish format-standard has-post-thumbnail hentry category-aktuelles-2025-26 category-452 description-off\" data-name=\"Exkursion Wien\" data-date=\"2026-01-16T18:00:30+01:00\">\n\n<div class=\"post-thumbnail-wrap\">\n\t<div class=\"post-thumbnail\">\n\n\t\t\n\t\t\n\t\t<a href=\"https:\/\/asolaa.ac.at\/wordpress\/exkursion-wien\/\" class=\"post-thumbnail-rollover layzr-bg layzr-bg\" ><img decoding=\"async\" class=\"blog-thumb-lazy-load preload-me lazy-load aspect\" src=\"data:image\/svg+xml,%3Csvg%20xmlns%3D&#39;http%3A%2F%2Fwww.w3.org%2F2000%2Fsvg&#39;%20viewBox%3D&#39;0%200%20768%20576&#39;%2F%3E\" data-src=\"https:\/\/asolaa.ac.at\/wordpress\/wp-content\/uploads\/2026\/01\/WhatsApp-Image-2026-01-16-at-00.07.26-4-768x576.jpeg\" data-srcset=\"https:\/\/asolaa.ac.at\/wordpress\/wp-content\/uploads\/2026\/01\/WhatsApp-Image-2026-01-16-at-00.07.26-4-768x576.jpeg 768w, https:\/\/asolaa.ac.at\/wordpress\/wp-content\/uploads\/2026\/01\/WhatsApp-Image-2026-01-16-at-00.07.26-4-1306x979.jpeg 1306w\" loading=\"eager\" style=\"--ratio: 768 \/ 576\" sizes=\"(max-width: 768px) 100vw, 768px\" alt=\"\" title=\"WhatsApp Image 2026-01-16 at 00.07.26 (4)\" width=\"768\" height=\"576\"  \/><\/a>\n\t<\/div>\n<\/div>\n\n\n<div class=\"post-entry-content\">\n\n\t<h3 class=\"entry-title\">\n\t\t<a href=\"https:\/\/asolaa.ac.at\/wordpress\/exkursion-wien\/\" title=\"Exkursion Wien\" rel=\"bookmark\">Exkursion Wien<\/a>\n\t<\/h3>\n\n\t\n\t<div class=\"entry-excerpt\"><p>[vc_row][vc_column][vc_column_text]Die Kinder der 1 A, 1 A(MS) und 5 E verbrachten in der Woche vor Weihnachten mit ihren Lehrerinnen einen&hellip;<\/p>\n<\/div>\n\t\n<a href=\"https:\/\/asolaa.ac.at\/wordpress\/exkursion-wien\/\" class=\"dt-btn-s dt-btn post-details details-type-btn\" aria-label=\"Read more about Exkursion Wien\">weiterlesen<i class=\"dt-icon-the7-arrow-03\" aria-hidden=\"true\"><\/i><\/a>\n\n<\/div><\/article><article class=\"post project-odd hidden post-57983 type-post status-publish format-standard has-post-thumbnail hentry category-aktuelles-2025-26 category-452 description-off\" data-name=\"Stimmungsvolle Weihnachtsfeier\" data-date=\"2025-12-27T07:29:04+01:00\">\n\n<div class=\"post-thumbnail-wrap\">\n\t<div class=\"post-thumbnail\">\n\n\t\t\n\t\t\n\t\t<a href=\"https:\/\/asolaa.ac.at\/wordpress\/stimmungsvolle-weihnachtsfeier\/\" class=\"post-thumbnail-rollover layzr-bg layzr-bg\" ><img decoding=\"async\" class=\"blog-thumb-lazy-load preload-me lazy-load aspect\" src=\"data:image\/svg+xml,%3Csvg%20xmlns%3D&#39;http%3A%2F%2Fwww.w3.org%2F2000%2Fsvg&#39;%20viewBox%3D&#39;0%200%20768%20576&#39;%2F%3E\" data-src=\"https:\/\/asolaa.ac.at\/wordpress\/wp-content\/uploads\/2025\/12\/WhatsApp-Image-2025-12-27-at-07.11.03-4-768x576.jpeg\" data-srcset=\"https:\/\/asolaa.ac.at\/wordpress\/wp-content\/uploads\/2025\/12\/WhatsApp-Image-2025-12-27-at-07.11.03-4-768x576.jpeg 768w, https:\/\/asolaa.ac.at\/wordpress\/wp-content\/uploads\/2025\/12\/WhatsApp-Image-2025-12-27-at-07.11.03-4-1306x979.jpeg 1306w\" loading=\"eager\" style=\"--ratio: 768 \/ 576\" sizes=\"(max-width: 768px) 100vw, 768px\" alt=\"\" title=\"WhatsApp Image 2025-12-27 at 07.11.03 (4)\" width=\"768\" height=\"576\"  \/><\/a>\n\t<\/div>\n<\/div>\n\n\n<div class=\"post-entry-content\">\n\n\t<h3 class=\"entry-title\">\n\t\t<a href=\"https:\/\/asolaa.ac.at\/wordpress\/stimmungsvolle-weihnachtsfeier\/\" title=\"Stimmungsvolle Weihnachtsfeier\" rel=\"bookmark\">Stimmungsvolle Weihnachtsfeier<\/a>\n\t<\/h3>\n\n\t\n\t<div class=\"entry-excerpt\"><p>[vc_row][vc_column][vc_column_text]In festlicher Atmosph\u00e4re fand die Weihnachtsfeier der ASO Laa am letzten Schultag vor den Weihnachtsferien in unserer Aula statt. Bereits&hellip;<\/p>\n<\/div>\n\t\n<a href=\"https:\/\/asolaa.ac.at\/wordpress\/stimmungsvolle-weihnachtsfeier\/\" class=\"dt-btn-s dt-btn post-details details-type-btn\" aria-label=\"Read more about Stimmungsvolle Weihnachtsfeier\">weiterlesen<i class=\"dt-icon-the7-arrow-03\" aria-hidden=\"true\"><\/i><\/a>\n\n<\/div><\/article><article class=\"post project-odd hidden post-57980 type-post status-publish format-standard has-post-thumbnail hentry category-aktuelles-2025-26 category-452 description-off\" data-name=\"Besuch des musikalischen Krippenspiels\" data-date=\"2025-12-22T19:16:51+01:00\">\n\n<div class=\"post-thumbnail-wrap\">\n\t<div class=\"post-thumbnail\">\n\n\t\t\n\t\t\n\t\t<a href=\"https:\/\/asolaa.ac.at\/wordpress\/besuch-des-musikalischen-krippenspiels\/\" class=\"post-thumbnail-rollover layzr-bg layzr-bg\" ><img decoding=\"async\" class=\"blog-thumb-lazy-load preload-me lazy-load aspect\" src=\"data:image\/svg+xml,%3Csvg%20xmlns%3D&#39;http%3A%2F%2Fwww.w3.org%2F2000%2Fsvg&#39;%20viewBox%3D&#39;0%200%20768%20576&#39;%2F%3E\" data-src=\"https:\/\/asolaa.ac.at\/wordpress\/wp-content\/uploads\/2025\/12\/WhatsApp-Image-2025-12-19-at-09.36.07-2-768x576.jpeg\" data-srcset=\"https:\/\/asolaa.ac.at\/wordpress\/wp-content\/uploads\/2025\/12\/WhatsApp-Image-2025-12-19-at-09.36.07-2-768x576.jpeg 768w, https:\/\/asolaa.ac.at\/wordpress\/wp-content\/uploads\/2025\/12\/WhatsApp-Image-2025-12-19-at-09.36.07-2-1306x979.jpeg 1306w\" loading=\"eager\" style=\"--ratio: 768 \/ 576\" sizes=\"(max-width: 768px) 100vw, 768px\" alt=\"\" title=\"WhatsApp Image 2025-12-19 at 09.36.07 (2)\" width=\"768\" height=\"576\"  \/><\/a>\n\t<\/div>\n<\/div>\n\n\n<div class=\"post-entry-content\">\n\n\t<h3 class=\"entry-title\">\n\t\t<a href=\"https:\/\/asolaa.ac.at\/wordpress\/besuch-des-musikalischen-krippenspiels\/\" title=\"Besuch des musikalischen Krippenspiels\" rel=\"bookmark\">Besuch des musikalischen Krippenspiels<\/a>\n\t<\/h3>\n\n\t\n\t<div class=\"entry-excerpt\"><p>[vc_row][vc_column][vc_column_text]Am 19. Dezember machten sich fast alle Klassen unserer Schule zu Fu\u00df auf den Weg zur Musikmittelschule, um dort ein&hellip;<\/p>\n<\/div>\n\t\n<a href=\"https:\/\/asolaa.ac.at\/wordpress\/besuch-des-musikalischen-krippenspiels\/\" class=\"dt-btn-s dt-btn post-details details-type-btn\" aria-label=\"Read more about Besuch des musikalischen Krippenspiels\">weiterlesen<i class=\"dt-icon-the7-arrow-03\" aria-hidden=\"true\"><\/i><\/a>\n\n<\/div><\/article><article class=\"post project-odd hidden post-57977 type-post status-publish format-standard has-post-thumbnail hentry category-aktuelles-2025-26 category-452 description-off\" data-name=\"Kreative T\u00fcrdekorationen zur Adventzeit\" data-date=\"2025-12-21T16:26:07+01:00\">\n\n<div class=\"post-thumbnail-wrap\">\n\t<div class=\"post-thumbnail\">\n\n\t\t\n\t\t\n\t\t<a href=\"https:\/\/asolaa.ac.at\/wordpress\/kreative-tuerdekorationen-zur-adventzeit\/\" class=\"post-thumbnail-rollover layzr-bg layzr-bg\" ><img decoding=\"async\" class=\"blog-thumb-lazy-load preload-me lazy-load aspect\" src=\"data:image\/svg+xml,%3Csvg%20xmlns%3D&#39;http%3A%2F%2Fwww.w3.org%2F2000%2Fsvg&#39;%20viewBox%3D&#39;0%200%20768%20576&#39;%2F%3E\" data-src=\"https:\/\/asolaa.ac.at\/wordpress\/wp-content\/uploads\/2025\/12\/WhatsApp-Image-2025-12-14-at-17.52.53-1-768x576.jpeg\" data-srcset=\"https:\/\/asolaa.ac.at\/wordpress\/wp-content\/uploads\/2025\/12\/WhatsApp-Image-2025-12-14-at-17.52.53-1-768x576.jpeg 768w, https:\/\/asolaa.ac.at\/wordpress\/wp-content\/uploads\/2025\/12\/WhatsApp-Image-2025-12-14-at-17.52.53-1-1306x979.jpeg 1306w\" loading=\"eager\" style=\"--ratio: 768 \/ 576\" sizes=\"(max-width: 768px) 100vw, 768px\" alt=\"\" title=\"WhatsApp Image 2025-12-14 at 17.52.53 (1)\" width=\"768\" height=\"576\"  \/><\/a>\n\t<\/div>\n<\/div>\n\n\n<div class=\"post-entry-content\">\n\n\t<h3 class=\"entry-title\">\n\t\t<a href=\"https:\/\/asolaa.ac.at\/wordpress\/kreative-tuerdekorationen-zur-adventzeit\/\" title=\"Kreative T\u00fcrdekorationen zur Adventzeit\" rel=\"bookmark\">Kreative T\u00fcrdekorationen zur Adventzeit<\/a>\n\t<\/h3>\n\n\t\n\t<div class=\"entry-excerpt\"><p>[vc_row][vc_column][vc_column_text]In der Vorweihnachtszeit zeigten die Sch\u00fclerInnen viel Kreativit\u00e4t und Geschick: Mit Reisig, Efeu, Bockerln und verschiedenem Deko-Material gestalteten sie liebevoll&hellip;<\/p>\n<\/div>\n\t\n<a href=\"https:\/\/asolaa.ac.at\/wordpress\/kreative-tuerdekorationen-zur-adventzeit\/\" class=\"dt-btn-s dt-btn post-details details-type-btn\" aria-label=\"Read more about Kreative T\u00fcrdekorationen zur Adventzeit\">weiterlesen<i class=\"dt-icon-the7-arrow-03\" aria-hidden=\"true\"><\/i><\/a>\n\n<\/div><\/article><article class=\"post project-odd hidden post-57967 type-post status-publish format-standard has-post-thumbnail hentry category-aktuelles-2025-26 category-452 description-off\" data-name=\"Der Nikolaus war da!\" data-date=\"2025-12-06T07:27:27+01:00\">\n\n<div class=\"post-thumbnail-wrap\">\n\t<div class=\"post-thumbnail\">\n\n\t\t\n\t\t\n\t\t<a href=\"https:\/\/asolaa.ac.at\/wordpress\/der-nikolaus-war-da\/\" class=\"post-thumbnail-rollover layzr-bg layzr-bg\" ><img decoding=\"async\" class=\"blog-thumb-lazy-load preload-me lazy-load aspect\" src=\"data:image\/svg+xml,%3Csvg%20xmlns%3D&#39;http%3A%2F%2Fwww.w3.org%2F2000%2Fsvg&#39;%20viewBox%3D&#39;0%200%20768%20576&#39;%2F%3E\" data-src=\"https:\/\/asolaa.ac.at\/wordpress\/wp-content\/uploads\/2025\/12\/WhatsApp-Image-2025-12-05-at-17.46.59-768x576.jpeg\" data-srcset=\"https:\/\/asolaa.ac.at\/wordpress\/wp-content\/uploads\/2025\/12\/WhatsApp-Image-2025-12-05-at-17.46.59-768x576.jpeg 768w, https:\/\/asolaa.ac.at\/wordpress\/wp-content\/uploads\/2025\/12\/WhatsApp-Image-2025-12-05-at-17.46.59-1306x979.jpeg 1306w\" loading=\"eager\" style=\"--ratio: 768 \/ 576\" sizes=\"(max-width: 768px) 100vw, 768px\" alt=\"\" title=\"WhatsApp Image 2025-12-05 at 17.46.59\" width=\"768\" height=\"576\"  \/><\/a>\n\t<\/div>\n<\/div>\n\n\n<div class=\"post-entry-content\">\n\n\t<h3 class=\"entry-title\">\n\t\t<a href=\"https:\/\/asolaa.ac.at\/wordpress\/der-nikolaus-war-da\/\" title=\"Der Nikolaus war da!\" rel=\"bookmark\">Der Nikolaus war da!<\/a>\n\t<\/h3>\n\n\t\n\t<div class=\"entry-excerpt\"><p>[vc_row][vc_column][vc_column_text css=&#8220;&#8220;] Heute staunten unsere Sch\u00fclerInnen nicht schlecht: Pl\u00f6tzlich stand der Nikolaus h\u00f6chstpers\u00f6nlich in unserer Schule! Mit gro\u00dfem Sack, guter&hellip;<\/p>\n<\/div>\n\t\n<a href=\"https:\/\/asolaa.ac.at\/wordpress\/der-nikolaus-war-da\/\" class=\"dt-btn-s dt-btn post-details details-type-btn\" aria-label=\"Read more about Der Nikolaus war da!\">weiterlesen<i class=\"dt-icon-the7-arrow-03\" aria-hidden=\"true\"><\/i><\/a>\n\n<\/div><\/article><article class=\"post project-odd hidden post-57927 type-post status-publish format-standard has-post-thumbnail hentry category-aktuelles-2025-26 category-452 description-off\" data-name=\"Gesunde Adventjause der Klasse 4E\" data-date=\"2025-12-03T20:31:55+01:00\">\n\n<div class=\"post-thumbnail-wrap\">\n\t<div class=\"post-thumbnail\">\n\n\t\t\n\t\t\n\t\t<a href=\"https:\/\/asolaa.ac.at\/wordpress\/gesunde-adventjause-der-klasse-4e\/\" class=\"post-thumbnail-rollover layzr-bg layzr-bg\" ><img decoding=\"async\" class=\"blog-thumb-lazy-load preload-me lazy-load aspect\" src=\"data:image\/svg+xml,%3Csvg%20xmlns%3D&#39;http%3A%2F%2Fwww.w3.org%2F2000%2Fsvg&#39;%20viewBox%3D&#39;0%200%20768%20576&#39;%2F%3E\" data-src=\"https:\/\/asolaa.ac.at\/wordpress\/wp-content\/uploads\/2025\/12\/WhatsApp-Image-2025-12-03-at-11.15.49-2-768x576.jpeg\" data-srcset=\"https:\/\/asolaa.ac.at\/wordpress\/wp-content\/uploads\/2025\/12\/WhatsApp-Image-2025-12-03-at-11.15.49-2-768x576.jpeg 768w, https:\/\/asolaa.ac.at\/wordpress\/wp-content\/uploads\/2025\/12\/WhatsApp-Image-2025-12-03-at-11.15.49-2-1306x979.jpeg 1306w\" loading=\"eager\" style=\"--ratio: 768 \/ 576\" sizes=\"(max-width: 768px) 100vw, 768px\" alt=\"\" title=\"WhatsApp Image 2025-12-03 at 11.15.49 (2)\" width=\"768\" height=\"576\"  \/><\/a>\n\t<\/div>\n<\/div>\n\n\n<div class=\"post-entry-content\">\n\n\t<h3 class=\"entry-title\">\n\t\t<a href=\"https:\/\/asolaa.ac.at\/wordpress\/gesunde-adventjause-der-klasse-4e\/\" title=\"Gesunde Adventjause der Klasse 4E\" rel=\"bookmark\">Gesunde Adventjause der Klasse 4E<\/a>\n\t<\/h3>\n\n\t\n\t<div class=\"entry-excerpt\"><p>[vc_row][vc_column][vc_column_text css=&#8220;&#8220;]Wie jedes Monat war auch im Dezember wieder eine Klasse an der Reihe, die gesunde Jause f\u00fcr unsere Schulgemeinschaft&hellip;<\/p>\n<\/div>\n\t\n<a href=\"https:\/\/asolaa.ac.at\/wordpress\/gesunde-adventjause-der-klasse-4e\/\" class=\"dt-btn-s dt-btn post-details details-type-btn\" aria-label=\"Read more about Gesunde Adventjause der Klasse 4E\">weiterlesen<i class=\"dt-icon-the7-arrow-03\" aria-hidden=\"true\"><\/i><\/a>\n\n<\/div><\/article><article class=\"post project-odd hidden post-57924 type-post status-publish format-standard has-post-thumbnail hentry category-aktuelles-2025-26 category-452 description-off\" data-name=\"Buchausstellung in der SMS-Schulbibliothek\" data-date=\"2025-12-03T20:27:05+01:00\">\n\n<div class=\"post-thumbnail-wrap\">\n\t<div class=\"post-thumbnail\">\n\n\t\t\n\t\t\n\t\t<a href=\"https:\/\/asolaa.ac.at\/wordpress\/buchausstellung-in-der-sms-schulbibliothek\/\" class=\"post-thumbnail-rollover layzr-bg layzr-bg\" ><img decoding=\"async\" class=\"blog-thumb-lazy-load preload-me lazy-load aspect\" src=\"data:image\/svg+xml,%3Csvg%20xmlns%3D&#39;http%3A%2F%2Fwww.w3.org%2F2000%2Fsvg&#39;%20viewBox%3D&#39;0%200%20768%20576&#39;%2F%3E\" data-src=\"https:\/\/asolaa.ac.at\/wordpress\/wp-content\/uploads\/2025\/12\/WhatsApp-Image-2025-12-03-at-17.20.28-3-768x576.jpeg\" data-srcset=\"https:\/\/asolaa.ac.at\/wordpress\/wp-content\/uploads\/2025\/12\/WhatsApp-Image-2025-12-03-at-17.20.28-3-768x576.jpeg 768w, https:\/\/asolaa.ac.at\/wordpress\/wp-content\/uploads\/2025\/12\/WhatsApp-Image-2025-12-03-at-17.20.28-3-1306x979.jpeg 1306w\" loading=\"eager\" style=\"--ratio: 768 \/ 576\" sizes=\"(max-width: 768px) 100vw, 768px\" alt=\"\" title=\"WhatsApp Image 2025-12-03 at 17.20.28 (3)\" width=\"768\" height=\"576\"  \/><\/a>\n\t<\/div>\n<\/div>\n\n\n<div class=\"post-entry-content\">\n\n\t<h3 class=\"entry-title\">\n\t\t<a href=\"https:\/\/asolaa.ac.at\/wordpress\/buchausstellung-in-der-sms-schulbibliothek\/\" title=\"Buchausstellung in der SMS-Schulbibliothek\" rel=\"bookmark\">Buchausstellung in der SMS-Schulbibliothek<\/a>\n\t<\/h3>\n\n\t\n\t<div class=\"entry-excerpt\"><p>[vc_row][vc_column][vc_column_text]In der ersten Woche im Dezember findet in der Schulbibliothek der Sportmittelschule eine Buchausstellung der Buchhandlung Leiss statt. Auch unsere&hellip;<\/p>\n<\/div>\n\t\n<a href=\"https:\/\/asolaa.ac.at\/wordpress\/buchausstellung-in-der-sms-schulbibliothek\/\" class=\"dt-btn-s dt-btn post-details details-type-btn\" aria-label=\"Read more about Buchausstellung in der SMS-Schulbibliothek\">weiterlesen<i class=\"dt-icon-the7-arrow-03\" aria-hidden=\"true\"><\/i><\/a>\n\n<\/div><\/article><article class=\"post project-odd hidden post-57921 type-post status-publish format-standard has-post-thumbnail hentry category-aktuelles-2025-26 category-452 description-off\" data-name=\"JETZT IST ADVENT\u2026.\" data-date=\"2025-12-03T17:58:03+01:00\">\n\n<div class=\"post-thumbnail-wrap\">\n\t<div class=\"post-thumbnail\">\n\n\t\t\n\t\t\n\t\t<a href=\"https:\/\/asolaa.ac.at\/wordpress\/jetzt-ist-advent\/\" class=\"post-thumbnail-rollover layzr-bg layzr-bg\" ><img decoding=\"async\" class=\"blog-thumb-lazy-load preload-me lazy-load aspect\" src=\"data:image\/svg+xml,%3Csvg%20xmlns%3D&#39;http%3A%2F%2Fwww.w3.org%2F2000%2Fsvg&#39;%20viewBox%3D&#39;0%200%20768%20576&#39;%2F%3E\" data-src=\"https:\/\/asolaa.ac.at\/wordpress\/wp-content\/uploads\/2025\/12\/WhatsApp-Image-2025-12-01-at-15.01.36-1-768x576.jpeg\" data-srcset=\"https:\/\/asolaa.ac.at\/wordpress\/wp-content\/uploads\/2025\/12\/WhatsApp-Image-2025-12-01-at-15.01.36-1-768x576.jpeg 768w, https:\/\/asolaa.ac.at\/wordpress\/wp-content\/uploads\/2025\/12\/WhatsApp-Image-2025-12-01-at-15.01.36-1-1306x979.jpeg 1306w\" loading=\"eager\" style=\"--ratio: 768 \/ 576\" sizes=\"(max-width: 768px) 100vw, 768px\" alt=\"\" title=\"WhatsApp Image 2025-12-01 at 15.01.36 (1)\" width=\"768\" height=\"576\"  \/><\/a>\n\t<\/div>\n<\/div>\n\n\n<div class=\"post-entry-content\">\n\n\t<h3 class=\"entry-title\">\n\t\t<a href=\"https:\/\/asolaa.ac.at\/wordpress\/jetzt-ist-advent\/\" title=\"JETZT IST ADVENT\u2026.\" rel=\"bookmark\">JETZT IST ADVENT\u2026.<\/a>\n\t<\/h3>\n\n\t\n\t<div class=\"entry-excerpt\"><p>[vc_row][vc_column][vc_column_text]und deshalb gab es am Montag (1.12.) die Adventkranzsegnung \u2013 mit Gesang, instrumentaler Begleitung und F\u00fcrbitten. Au\u00dferdem gratulierte Frau Bruckner,&hellip;<\/p>\n<\/div>\n\t\n<a href=\"https:\/\/asolaa.ac.at\/wordpress\/jetzt-ist-advent\/\" class=\"dt-btn-s dt-btn post-details details-type-btn\" aria-label=\"Read more about JETZT IST ADVENT\u2026.\">weiterlesen<i class=\"dt-icon-the7-arrow-03\" aria-hidden=\"true\"><\/i><\/a>\n\n<\/div><\/article><article class=\"post project-odd hidden post-57918 type-post status-publish format-standard has-post-thumbnail hentry category-aktuelles-2025-26 category-452 description-off\" data-name=\"Adventliches Geburtstags-Leseprojekt\" data-date=\"2025-11-26T08:07:42+01:00\">\n\n<div class=\"post-thumbnail-wrap\">\n\t<div class=\"post-thumbnail\">\n\n\t\t\n\t\t\n\t\t<a href=\"https:\/\/asolaa.ac.at\/wordpress\/adventliches-geburtstags-leseprojekt\/\" class=\"post-thumbnail-rollover layzr-bg layzr-bg\" ><img decoding=\"async\" class=\"blog-thumb-lazy-load preload-me lazy-load aspect\" src=\"data:image\/svg+xml,%3Csvg%20xmlns%3D&#39;http%3A%2F%2Fwww.w3.org%2F2000%2Fsvg&#39;%20viewBox%3D&#39;0%200%20768%20576&#39;%2F%3E\" data-src=\"https:\/\/asolaa.ac.at\/wordpress\/wp-content\/uploads\/2025\/11\/WhatsApp-Image-2025-11-25-at-16.09.03-3-768x576.jpeg\" data-srcset=\"https:\/\/asolaa.ac.at\/wordpress\/wp-content\/uploads\/2025\/11\/WhatsApp-Image-2025-11-25-at-16.09.03-3-768x576.jpeg 768w, https:\/\/asolaa.ac.at\/wordpress\/wp-content\/uploads\/2025\/11\/WhatsApp-Image-2025-11-25-at-16.09.03-3-1306x979.jpeg 1306w\" loading=\"eager\" style=\"--ratio: 768 \/ 576\" sizes=\"(max-width: 768px) 100vw, 768px\" alt=\"\" title=\"WhatsApp Image 2025-11-25 at 16.09.03 (3)\" width=\"768\" height=\"576\"  \/><\/a>\n\t<\/div>\n<\/div>\n\n\n<div class=\"post-entry-content\">\n\n\t<h3 class=\"entry-title\">\n\t\t<a href=\"https:\/\/asolaa.ac.at\/wordpress\/adventliches-geburtstags-leseprojekt\/\" title=\"Adventliches Geburtstags-Leseprojekt\" rel=\"bookmark\">Adventliches Geburtstags-Leseprojekt<\/a>\n\t<\/h3>\n\n\t\n\t<div class=\"entry-excerpt\"><p>[vc_row][vc_column][vc_column_text css=&#8220;&#8220;]Am 25. November 2025 gestaltete Frau Wieland, unsere Religionslehrerin, ein adventliches Leseprojekt anl\u00e4sslich ihres runden Geburtstages. Jede Klasse bekam&hellip;<\/p>\n<\/div>\n\t\n<a href=\"https:\/\/asolaa.ac.at\/wordpress\/adventliches-geburtstags-leseprojekt\/\" class=\"dt-btn-s dt-btn post-details details-type-btn\" aria-label=\"Read more about Adventliches Geburtstags-Leseprojekt\">weiterlesen<i class=\"dt-icon-the7-arrow-03\" aria-hidden=\"true\"><\/i><\/a>\n\n<\/div><\/article><article class=\"post project-odd hidden post-57914 type-post status-publish format-standard has-post-thumbnail hentry category-aktuelles-2025-26 category-452 description-off\" data-name=\"Winterspa\u00df mit der 1E und 4E\" data-date=\"2025-11-24T17:30:51+01:00\">\n\n<div class=\"post-thumbnail-wrap\">\n\t<div class=\"post-thumbnail\">\n\n\t\t\n\t\t\n\t\t<a href=\"https:\/\/asolaa.ac.at\/wordpress\/winterspass-mit-der-1e-und-4e\/\" class=\"post-thumbnail-rollover layzr-bg layzr-bg\" ><img decoding=\"async\" class=\"blog-thumb-lazy-load preload-me lazy-load aspect\" src=\"data:image\/svg+xml,%3Csvg%20xmlns%3D&#39;http%3A%2F%2Fwww.w3.org%2F2000%2Fsvg&#39;%20viewBox%3D&#39;0%200%20768%20576&#39;%2F%3E\" data-src=\"https:\/\/asolaa.ac.at\/wordpress\/wp-content\/uploads\/2025\/11\/Image-1-768x576.jpg\" data-srcset=\"https:\/\/asolaa.ac.at\/wordpress\/wp-content\/uploads\/2025\/11\/Image-1-768x576.jpg 768w, https:\/\/asolaa.ac.at\/wordpress\/wp-content\/uploads\/2025\/11\/Image-1.jpg 800w\" loading=\"eager\" style=\"--ratio: 768 \/ 576\" sizes=\"(max-width: 768px) 100vw, 768px\" alt=\"\" title=\"Image (1)\" width=\"768\" height=\"576\"  \/><\/a>\n\t<\/div>\n<\/div>\n\n\n<div class=\"post-entry-content\">\n\n\t<h3 class=\"entry-title\">\n\t\t<a href=\"https:\/\/asolaa.ac.at\/wordpress\/winterspass-mit-der-1e-und-4e\/\" title=\"Winterspa\u00df mit der 1E und 4E\" rel=\"bookmark\">Winterspa\u00df mit der 1E und 4E<\/a>\n\t<\/h3>\n\n\t\n\t<div class=\"entry-excerpt\"><p>[vc_row][vc_column][vc_column_text]Am Montag, dem 24.11.2025, musste das wunderbare Winterwetter unbedingt ausgenutzt werden. Die Klassen 1E und 4E zogen sich warm an&hellip;<\/p>\n<\/div>\n\t\n<a href=\"https:\/\/asolaa.ac.at\/wordpress\/winterspass-mit-der-1e-und-4e\/\" class=\"dt-btn-s dt-btn post-details details-type-btn\" aria-label=\"Read more about Winterspa\u00df mit der 1E und 4E\">weiterlesen<i class=\"dt-icon-the7-arrow-03\" aria-hidden=\"true\"><\/i><\/a>\n\n<\/div><\/article><article class=\"post project-odd hidden post-57911 type-post status-publish format-standard has-post-thumbnail hentry category-aktuelles-2025-26 category-452 description-off\" data-name=\"Kreative Sportstunde\" data-date=\"2025-11-24T17:21:08+01:00\">\n\n<div class=\"post-thumbnail-wrap\">\n\t<div class=\"post-thumbnail\">\n\n\t\t\n\t\t\n\t\t<a href=\"https:\/\/asolaa.ac.at\/wordpress\/kreative-sportstunde\/\" class=\"post-thumbnail-rollover layzr-bg layzr-bg\" ><img decoding=\"async\" class=\"blog-thumb-lazy-load preload-me lazy-load aspect\" src=\"data:image\/svg+xml,%3Csvg%20xmlns%3D&#39;http%3A%2F%2Fwww.w3.org%2F2000%2Fsvg&#39;%20viewBox%3D&#39;0%200%20768%20576&#39;%2F%3E\" data-src=\"https:\/\/asolaa.ac.at\/wordpress\/wp-content\/uploads\/2025\/11\/WhatsApp-Image-2025-11-18-at-22.08.25-6-768x576.jpeg\" data-srcset=\"https:\/\/asolaa.ac.at\/wordpress\/wp-content\/uploads\/2025\/11\/WhatsApp-Image-2025-11-18-at-22.08.25-6-768x576.jpeg 768w, https:\/\/asolaa.ac.at\/wordpress\/wp-content\/uploads\/2025\/11\/WhatsApp-Image-2025-11-18-at-22.08.25-6-1306x979.jpeg 1306w\" loading=\"eager\" style=\"--ratio: 768 \/ 576\" sizes=\"(max-width: 768px) 100vw, 768px\" alt=\"\" title=\"WhatsApp Image 2025-11-18 at 22.08.25 (6)\" width=\"768\" height=\"576\"  \/><\/a>\n\t<\/div>\n<\/div>\n\n\n<div class=\"post-entry-content\">\n\n\t<h3 class=\"entry-title\">\n\t\t<a href=\"https:\/\/asolaa.ac.at\/wordpress\/kreative-sportstunde\/\" title=\"Kreative Sportstunde\" rel=\"bookmark\">Kreative Sportstunde<\/a>\n\t<\/h3>\n\n\t\n\t<div class=\"entry-excerpt\"><p>[vc_row][vc_column][vc_column_text]Die Kinder der 1 A, 1 MS und 5 E hatten viel Spa\u00df in der Turnstunde mit ihrer selbst geplanten&hellip;<\/p>\n<\/div>\n\t\n<a href=\"https:\/\/asolaa.ac.at\/wordpress\/kreative-sportstunde\/\" class=\"dt-btn-s dt-btn post-details details-type-btn\" aria-label=\"Read more about Kreative Sportstunde\">weiterlesen<i class=\"dt-icon-the7-arrow-03\" aria-hidden=\"true\"><\/i><\/a>\n\n<\/div><\/article><article class=\"post project-odd hidden post-57907 type-post status-publish format-standard has-post-thumbnail hentry category-aktuelles-2025-26 category-452 description-off\" data-name=\"Tag des Apfels in der Klasse 4E\" data-date=\"2025-11-23T11:01:25+01:00\">\n\n<div class=\"post-thumbnail-wrap\">\n\t<div class=\"post-thumbnail\">\n\n\t\t\n\t\t\n\t\t<a href=\"https:\/\/asolaa.ac.at\/wordpress\/tag-des-apfels-in-der-klasse-4e\/\" class=\"post-thumbnail-rollover layzr-bg layzr-bg\" ><img decoding=\"async\" class=\"blog-thumb-lazy-load preload-me lazy-load aspect\" src=\"data:image\/svg+xml,%3Csvg%20xmlns%3D&#39;http%3A%2F%2Fwww.w3.org%2F2000%2Fsvg&#39;%20viewBox%3D&#39;0%200%20768%20576&#39;%2F%3E\" data-src=\"https:\/\/asolaa.ac.at\/wordpress\/wp-content\/uploads\/2025\/11\/Image-6-scaled-768x576.jpg\" data-srcset=\"https:\/\/asolaa.ac.at\/wordpress\/wp-content\/uploads\/2025\/11\/Image-6-scaled-768x576.jpg 768w, https:\/\/asolaa.ac.at\/wordpress\/wp-content\/uploads\/2025\/11\/Image-6-scaled-1306x979.jpg 1306w\" loading=\"eager\" style=\"--ratio: 768 \/ 576\" sizes=\"(max-width: 768px) 100vw, 768px\" alt=\"\" title=\"Image (6)\" width=\"768\" height=\"576\"  \/><\/a>\n\t<\/div>\n<\/div>\n\n\n<div class=\"post-entry-content\">\n\n\t<h3 class=\"entry-title\">\n\t\t<a href=\"https:\/\/asolaa.ac.at\/wordpress\/tag-des-apfels-in-der-klasse-4e\/\" title=\"Tag des Apfels in der Klasse 4E\" rel=\"bookmark\">Tag des Apfels in der Klasse 4E<\/a>\n\t<\/h3>\n\n\t\n\t<div class=\"entry-excerpt\"><p>[vc_row][vc_column][vc_column_text]Am\u202fFreitag, dem 14.11.2025, drehte sich in der 4E Klasse\u202falles rund um den Apfel. Die Sch\u00fclerinnen und Sch\u00fcler durften den beliebten&hellip;<\/p>\n<\/div>\n\t\n<a href=\"https:\/\/asolaa.ac.at\/wordpress\/tag-des-apfels-in-der-klasse-4e\/\" class=\"dt-btn-s dt-btn post-details details-type-btn\" aria-label=\"Read more about Tag des Apfels in der Klasse 4E\">weiterlesen<i class=\"dt-icon-the7-arrow-03\" aria-hidden=\"true\"><\/i><\/a>\n\n<\/div><\/article><article class=\"post project-odd hidden post-57903 type-post status-publish format-standard has-post-thumbnail hentry category-aktuelles-2025-26 category-452 description-off\" data-name=\"Bewegung, Begeisterung, Gemeinschaft: Unser Thermen-Besuch\" data-date=\"2025-11-17T16:46:40+01:00\">\n\n<div class=\"post-thumbnail-wrap\">\n\t<div class=\"post-thumbnail\">\n\n\t\t\n\t\t\n\t\t<a href=\"https:\/\/asolaa.ac.at\/wordpress\/bewegung-begeisterung-gemeinschaft-unser-thermen-besuch\/\" class=\"post-thumbnail-rollover layzr-bg layzr-bg\" ><img decoding=\"async\" class=\"blog-thumb-lazy-load preload-me lazy-load aspect\" src=\"data:image\/svg+xml,%3Csvg%20xmlns%3D&#39;http%3A%2F%2Fwww.w3.org%2F2000%2Fsvg&#39;%20viewBox%3D&#39;0%200%20768%20576&#39;%2F%3E\" data-src=\"https:\/\/asolaa.ac.at\/wordpress\/wp-content\/uploads\/2025\/11\/WhatsApp-Image-2025-11-16-at-09.07.05-2-768x576.jpeg\" data-srcset=\"https:\/\/asolaa.ac.at\/wordpress\/wp-content\/uploads\/2025\/11\/WhatsApp-Image-2025-11-16-at-09.07.05-2-768x576.jpeg 768w, https:\/\/asolaa.ac.at\/wordpress\/wp-content\/uploads\/2025\/11\/WhatsApp-Image-2025-11-16-at-09.07.05-2-1306x979.jpeg 1306w\" loading=\"eager\" style=\"--ratio: 768 \/ 576\" sizes=\"(max-width: 768px) 100vw, 768px\" alt=\"\" title=\"WhatsApp Image 2025-11-16 at 09.07.05 (2)\" width=\"768\" height=\"576\"  \/><\/a>\n\t<\/div>\n<\/div>\n\n\n<div class=\"post-entry-content\">\n\n\t<h3 class=\"entry-title\">\n\t\t<a href=\"https:\/\/asolaa.ac.at\/wordpress\/bewegung-begeisterung-gemeinschaft-unser-thermen-besuch\/\" title=\"Bewegung, Begeisterung, Gemeinschaft: Unser Thermen-Besuch\" rel=\"bookmark\">Bewegung, Begeisterung, Gemeinschaft: Unser Thermen-Besuch<\/a>\n\t<\/h3>\n\n\t\n\t<div class=\"entry-excerpt\"><p>[vc_row][vc_column][vc_column_text] Am vergangenen Donnerstag (13. November) unternahmen mehrere Klassen gemeinsam mit ihren Klassenlehrerinnen einen Ausflug in die Therme Laa. Nach&hellip;<\/p>\n<\/div>\n\t\n<a href=\"https:\/\/asolaa.ac.at\/wordpress\/bewegung-begeisterung-gemeinschaft-unser-thermen-besuch\/\" class=\"dt-btn-s dt-btn post-details details-type-btn\" aria-label=\"Read more about Bewegung, Begeisterung, Gemeinschaft: Unser Thermen-Besuch\">weiterlesen<i class=\"dt-icon-the7-arrow-03\" aria-hidden=\"true\"><\/i><\/a>\n\n<\/div><\/article><article class=\"post project-odd hidden post-57900 type-post status-publish format-standard has-post-thumbnail hentry category-aktuelles-2025-26 category-452 description-off\" data-name=\"Pr\u00e4ventionspolizei zu Besuch\" data-date=\"2025-11-17T16:33:15+01:00\">\n\n<div class=\"post-thumbnail-wrap\">\n\t<div class=\"post-thumbnail\">\n\n\t\t\n\t\t\n\t\t<a href=\"https:\/\/asolaa.ac.at\/wordpress\/praeventionspolizei-zu-besuch\/\" class=\"post-thumbnail-rollover layzr-bg layzr-bg\" ><img decoding=\"async\" class=\"blog-thumb-lazy-load preload-me lazy-load aspect\" src=\"data:image\/svg+xml,%3Csvg%20xmlns%3D&#39;http%3A%2F%2Fwww.w3.org%2F2000%2Fsvg&#39;%20viewBox%3D&#39;0%200%20768%20576&#39;%2F%3E\" data-src=\"https:\/\/asolaa.ac.at\/wordpress\/wp-content\/uploads\/2025\/11\/WhatsApp-Image-2025-11-11-at-11.36.40-3-768x576.jpeg\" data-srcset=\"https:\/\/asolaa.ac.at\/wordpress\/wp-content\/uploads\/2025\/11\/WhatsApp-Image-2025-11-11-at-11.36.40-3-768x576.jpeg 768w, https:\/\/asolaa.ac.at\/wordpress\/wp-content\/uploads\/2025\/11\/WhatsApp-Image-2025-11-11-at-11.36.40-3-1306x979.jpeg 1306w\" loading=\"eager\" style=\"--ratio: 768 \/ 576\" sizes=\"(max-width: 768px) 100vw, 768px\" alt=\"\" title=\"WhatsApp Image 2025-11-11 at 11.36.40 (3)\" width=\"768\" height=\"576\"  \/><\/a>\n\t<\/div>\n<\/div>\n\n\n<div class=\"post-entry-content\">\n\n\t<h3 class=\"entry-title\">\n\t\t<a href=\"https:\/\/asolaa.ac.at\/wordpress\/praeventionspolizei-zu-besuch\/\" title=\"Pr\u00e4ventionspolizei zu Besuch\" rel=\"bookmark\">Pr\u00e4ventionspolizei zu Besuch<\/a>\n\t<\/h3>\n\n\t\n\t<div class=\"entry-excerpt\"><p>[vc_row][vc_column][vc_column_text]In dieser Woche durften wir von der Polizei Frau Beate Kalbacher und Herrn Werner Pallierer willkommen hei\u00dfen. Die Pr\u00e4ventionsbeamten f\u00fchrten&hellip;<\/p>\n<\/div>\n\t\n<a href=\"https:\/\/asolaa.ac.at\/wordpress\/praeventionspolizei-zu-besuch\/\" class=\"dt-btn-s dt-btn post-details details-type-btn\" aria-label=\"Read more about Pr\u00e4ventionspolizei zu Besuch\">weiterlesen<i class=\"dt-icon-the7-arrow-03\" aria-hidden=\"true\"><\/i><\/a>\n\n<\/div><\/article><article class=\"post project-odd hidden post-57896 type-post status-publish format-standard has-post-thumbnail hentry category-aktuelles-2025-26 category-452 description-off\" data-name=\"Wenn Schritte klingen und Kinder dirigieren \u2013 unser Ausflug ins Haus der Musik am 4.11.2025\" data-date=\"2025-11-16T10:58:23+01:00\">\n\n<div class=\"post-thumbnail-wrap\">\n\t<div class=\"post-thumbnail\">\n\n\t\t\n\t\t\n\t\t<a href=\"https:\/\/asolaa.ac.at\/wordpress\/wenn-schritte-klingen-und-kinder-dirigieren-unser-ausflug-ins-haus-der-musik-am-4-11-2025\/\" class=\"post-thumbnail-rollover layzr-bg layzr-bg\" ><img decoding=\"async\" class=\"blog-thumb-lazy-load preload-me lazy-load aspect\" src=\"data:image\/svg+xml,%3Csvg%20xmlns%3D&#39;http%3A%2F%2Fwww.w3.org%2F2000%2Fsvg&#39;%20viewBox%3D&#39;0%200%20768%20576&#39;%2F%3E\" data-src=\"https:\/\/asolaa.ac.at\/wordpress\/wp-content\/uploads\/2025\/11\/WhatsApp-Image-2025-11-13-at-22.42.41-1-768x576.jpeg\" data-srcset=\"https:\/\/asolaa.ac.at\/wordpress\/wp-content\/uploads\/2025\/11\/WhatsApp-Image-2025-11-13-at-22.42.41-1-768x576.jpeg 768w, https:\/\/asolaa.ac.at\/wordpress\/wp-content\/uploads\/2025\/11\/WhatsApp-Image-2025-11-13-at-22.42.41-1-1306x979.jpeg 1306w\" loading=\"eager\" style=\"--ratio: 768 \/ 576\" sizes=\"(max-width: 768px) 100vw, 768px\" alt=\"\" title=\"WhatsApp Image 2025-11-13 at 22.42.41 (1)\" width=\"768\" height=\"576\"  \/><\/a>\n\t<\/div>\n<\/div>\n\n\n<div class=\"post-entry-content\">\n\n\t<h3 class=\"entry-title\">\n\t\t<a href=\"https:\/\/asolaa.ac.at\/wordpress\/wenn-schritte-klingen-und-kinder-dirigieren-unser-ausflug-ins-haus-der-musik-am-4-11-2025\/\" title=\"Wenn Schritte klingen und Kinder dirigieren \u2013 unser Ausflug ins Haus der Musik am 4.11.2025\" rel=\"bookmark\">Wenn Schritte klingen und Kinder dirigieren \u2013 unser Ausflug ins Haus der Musik am 4.11.2025<\/a>\n\t<\/h3>\n\n\t\n\t<div class=\"entry-excerpt\"><p>[vc_row][vc_column][vc_column_text]Unsere\u00a01A\/MS sowie die 5E\u00a0besuchten gemeinsam\u00a0mit\u00a0den Kolleg*innen Scheiner,\u00a0Otahal\u00a0und Rapp\u00a0das\u00a0Haus der Musik\u00a0in Wien. Die\u00a0Jugendlichen\u00a0hatten gro\u00dfen Spa\u00df beim Entdecken der vielen interaktiven Stationen.&hellip;<\/p>\n<\/div>\n\t\n<a href=\"https:\/\/asolaa.ac.at\/wordpress\/wenn-schritte-klingen-und-kinder-dirigieren-unser-ausflug-ins-haus-der-musik-am-4-11-2025\/\" class=\"dt-btn-s dt-btn post-details details-type-btn\" aria-label=\"Read more about Wenn Schritte klingen und Kinder dirigieren \u2013 unser Ausflug ins Haus der Musik am 4.11.2025\">weiterlesen<i class=\"dt-icon-the7-arrow-03\" aria-hidden=\"true\"><\/i><\/a>\n\n<\/div><\/article><article class=\"post project-odd hidden post-57893 type-post status-publish format-standard has-post-thumbnail hentry category-aktuelles-2025-26 category-452 description-off\" data-name=\"Leseprojekt zum Weltmissionstag\" data-date=\"2025-11-09T20:03:21+01:00\">\n\n<div class=\"post-thumbnail-wrap\">\n\t<div class=\"post-thumbnail\">\n\n\t\t\n\t\t\n\t\t<a href=\"https:\/\/asolaa.ac.at\/wordpress\/leseprojekt-zum-weltmissionstag\/\" class=\"post-thumbnail-rollover layzr-bg layzr-bg\" ><img decoding=\"async\" class=\"blog-thumb-lazy-load preload-me lazy-load aspect\" src=\"data:image\/svg+xml,%3Csvg%20xmlns%3D&#39;http%3A%2F%2Fwww.w3.org%2F2000%2Fsvg&#39;%20viewBox%3D&#39;0%200%20768%20576&#39;%2F%3E\" data-src=\"https:\/\/asolaa.ac.at\/wordpress\/wp-content\/uploads\/2025\/11\/WhatsApp-Image-2025-11-07-at-12.04.38-768x576.jpeg\" data-srcset=\"https:\/\/asolaa.ac.at\/wordpress\/wp-content\/uploads\/2025\/11\/WhatsApp-Image-2025-11-07-at-12.04.38-768x576.jpeg 768w, https:\/\/asolaa.ac.at\/wordpress\/wp-content\/uploads\/2025\/11\/WhatsApp-Image-2025-11-07-at-12.04.38-1306x979.jpeg 1306w\" loading=\"eager\" style=\"--ratio: 768 \/ 576\" sizes=\"(max-width: 768px) 100vw, 768px\" alt=\"\" title=\"WhatsApp Image 2025-11-07 at 12.04.38\" width=\"768\" height=\"576\"  \/><\/a>\n\t<\/div>\n<\/div>\n\n\n<div class=\"post-entry-content\">\n\n\t<h3 class=\"entry-title\">\n\t\t<a href=\"https:\/\/asolaa.ac.at\/wordpress\/leseprojekt-zum-weltmissionstag\/\" title=\"Leseprojekt zum Weltmissionstag\" rel=\"bookmark\">Leseprojekt zum Weltmissionstag<\/a>\n\t<\/h3>\n\n\t\n\t<div class=\"entry-excerpt\"><p>[vc_row][vc_column][vc_column_text]Am 7. November 2025 fand in der Aula unserer Schule das allj\u00e4hrliche Leseprojekt zum Weltmissionstag statt. In diesem Jahr stand&hellip;<\/p>\n<\/div>\n\t\n<a href=\"https:\/\/asolaa.ac.at\/wordpress\/leseprojekt-zum-weltmissionstag\/\" class=\"dt-btn-s dt-btn post-details details-type-btn\" aria-label=\"Read more about Leseprojekt zum Weltmissionstag\">weiterlesen<i class=\"dt-icon-the7-arrow-03\" aria-hidden=\"true\"><\/i><\/a>\n\n<\/div><\/article><article class=\"post project-odd hidden post-57889 type-post status-publish format-standard has-post-thumbnail hentry category-aktuelles-2025-26 category-452 description-off\" data-name=\"\ud83c\udf83 Gruselig schmackhaft: Unser Halloween-Men\u00fc \ud83c\udf83\" data-date=\"2025-10-22T17:17:33+02:00\">\n\n<div class=\"post-thumbnail-wrap\">\n\t<div class=\"post-thumbnail\">\n\n\t\t\n\t\t\n\t\t<a href=\"https:\/\/asolaa.ac.at\/wordpress\/%f0%9f%8e%83-gruselig-schmackhaft-unser-halloween-menue-%f0%9f%8e%83\/\" class=\"post-thumbnail-rollover layzr-bg layzr-bg\" ><img decoding=\"async\" class=\"blog-thumb-lazy-load preload-me lazy-load aspect\" src=\"data:image\/svg+xml,%3Csvg%20xmlns%3D&#39;http%3A%2F%2Fwww.w3.org%2F2000%2Fsvg&#39;%20viewBox%3D&#39;0%200%20768%20576&#39;%2F%3E\" data-src=\"https:\/\/asolaa.ac.at\/wordpress\/wp-content\/uploads\/2025\/10\/WhatsApp-Image-2025-10-22-at-15.12.50-768x576.jpeg\" data-srcset=\"https:\/\/asolaa.ac.at\/wordpress\/wp-content\/uploads\/2025\/10\/WhatsApp-Image-2025-10-22-at-15.12.50-768x576.jpeg 768w, https:\/\/asolaa.ac.at\/wordpress\/wp-content\/uploads\/2025\/10\/WhatsApp-Image-2025-10-22-at-15.12.50-1306x979.jpeg 1306w\" loading=\"eager\" style=\"--ratio: 768 \/ 576\" sizes=\"(max-width: 768px) 100vw, 768px\" alt=\"\" title=\"WhatsApp Image 2025-10-22 at 15.12.50\" width=\"768\" height=\"576\"  \/><\/a>\n\t<\/div>\n<\/div>\n\n\n<div class=\"post-entry-content\">\n\n\t<h3 class=\"entry-title\">\n\t\t<a href=\"https:\/\/asolaa.ac.at\/wordpress\/%f0%9f%8e%83-gruselig-schmackhaft-unser-halloween-menue-%f0%9f%8e%83\/\" title=\"\ud83c\udf83 Gruselig schmackhaft: Unser Halloween-Men\u00fc \ud83c\udf83\" rel=\"bookmark\">\ud83c\udf83 Gruselig schmackhaft: Unser Halloween-Men\u00fc \ud83c\udf83<\/a>\n\t<\/h3>\n\n\t\n\t<div class=\"entry-excerpt\"><p>[vc_row][vc_column][vc_column_text css=&#8220;&#8220;]Passend zur Halloweenzeit verwandelte sich unsere Schulk\u00fcche in eine kleine Hexenwerkstatt. Gemeinsam bereitete die Klasse 4E mit ihren Klassenlehrerinnen&hellip;<\/p>\n<\/div>\n\t\n<a href=\"https:\/\/asolaa.ac.at\/wordpress\/%f0%9f%8e%83-gruselig-schmackhaft-unser-halloween-menue-%f0%9f%8e%83\/\" class=\"dt-btn-s dt-btn post-details details-type-btn\" aria-label=\"Read more about \ud83c\udf83 Gruselig schmackhaft: Unser Halloween-Men\u00fc \ud83c\udf83\">weiterlesen<i class=\"dt-icon-the7-arrow-03\" aria-hidden=\"true\"><\/i><\/a>\n\n<\/div><\/article><article class=\"post project-odd hidden post-57885 type-post status-publish format-standard has-post-thumbnail hentry category-aktuelles-2025-26 category-452 description-off\" data-name=\"Klassen\u00fcbergreifender Werkunterricht im Herbst\" data-date=\"2025-10-02T18:52:56+02:00\">\n\n<div class=\"post-thumbnail-wrap\">\n\t<div class=\"post-thumbnail\">\n\n\t\t\n\t\t\n\t\t<a href=\"https:\/\/asolaa.ac.at\/wordpress\/klassenuebergreifender-werkunterricht-im-herbst\/\" class=\"post-thumbnail-rollover layzr-bg layzr-bg\" ><img decoding=\"async\" class=\"blog-thumb-lazy-load preload-me lazy-load aspect\" src=\"data:image\/svg+xml,%3Csvg%20xmlns%3D&#39;http%3A%2F%2Fwww.w3.org%2F2000%2Fsvg&#39;%20viewBox%3D&#39;0%200%20768%20576&#39;%2F%3E\" data-src=\"https:\/\/asolaa.ac.at\/wordpress\/wp-content\/uploads\/2025\/10\/WhatsApp-Image-2025-10-02-at-18.43.29-1-768x576.jpeg\" data-srcset=\"https:\/\/asolaa.ac.at\/wordpress\/wp-content\/uploads\/2025\/10\/WhatsApp-Image-2025-10-02-at-18.43.29-1-768x576.jpeg 768w, https:\/\/asolaa.ac.at\/wordpress\/wp-content\/uploads\/2025\/10\/WhatsApp-Image-2025-10-02-at-18.43.29-1-1306x979.jpeg 1306w\" loading=\"eager\" style=\"--ratio: 768 \/ 576\" sizes=\"(max-width: 768px) 100vw, 768px\" alt=\"\" title=\"WhatsApp Image 2025-10-02 at 18.43.29 (1)\" width=\"768\" height=\"576\"  \/><\/a>\n\t<\/div>\n<\/div>\n\n\n<div class=\"post-entry-content\">\n\n\t<h3 class=\"entry-title\">\n\t\t<a href=\"https:\/\/asolaa.ac.at\/wordpress\/klassenuebergreifender-werkunterricht-im-herbst\/\" title=\"Klassen\u00fcbergreifender Werkunterricht im Herbst\" rel=\"bookmark\">Klassen\u00fcbergreifender Werkunterricht im Herbst<\/a>\n\t<\/h3>\n\n\t\n\t<div class=\"entry-excerpt\"><p>[vc_row][vc_column][vc_column_text css=&#8220;&#8220;] Im klassen\u00fcbergreifenden Werkunterricht stand in diesem Herbst alles im Zeichen der Natur. Gemeinsam machten sich die Sch\u00fclerinnen und&hellip;<\/p>\n<\/div>\n\t\n<a href=\"https:\/\/asolaa.ac.at\/wordpress\/klassenuebergreifender-werkunterricht-im-herbst\/\" class=\"dt-btn-s dt-btn post-details details-type-btn\" aria-label=\"Read more about Klassen\u00fcbergreifender Werkunterricht im Herbst\">weiterlesen<i class=\"dt-icon-the7-arrow-03\" aria-hidden=\"true\"><\/i><\/a>\n\n<\/div><\/article><article class=\"post project-odd hidden post-57881 type-post status-publish format-standard has-post-thumbnail hentry category-aktuelles-2025-26 category-452 description-off\" data-name=\"ALLES L\u00c4UFT &#8211;  ein voller Erfolg!\" data-date=\"2025-09-25T18:10:02+02:00\">\n\n<div class=\"post-thumbnail-wrap\">\n\t<div class=\"post-thumbnail\">\n\n\t\t\n\t\t\n\t\t<a href=\"https:\/\/asolaa.ac.at\/wordpress\/alles-laeuft-ein-voller-erfolg\/\" class=\"post-thumbnail-rollover layzr-bg layzr-bg\" ><img decoding=\"async\" class=\"blog-thumb-lazy-load preload-me lazy-load aspect\" src=\"data:image\/svg+xml,%3Csvg%20xmlns%3D&#39;http%3A%2F%2Fwww.w3.org%2F2000%2Fsvg&#39;%20viewBox%3D&#39;0%200%20768%20576&#39;%2F%3E\" data-src=\"https:\/\/asolaa.ac.at\/wordpress\/wp-content\/uploads\/2025\/09\/WhatsApp-Image-2025-09-25-at-17.55.08-1-768x576.jpeg\" data-srcset=\"https:\/\/asolaa.ac.at\/wordpress\/wp-content\/uploads\/2025\/09\/WhatsApp-Image-2025-09-25-at-17.55.08-1-768x576.jpeg 768w, https:\/\/asolaa.ac.at\/wordpress\/wp-content\/uploads\/2025\/09\/WhatsApp-Image-2025-09-25-at-17.55.08-1-1306x979.jpeg 1306w\" loading=\"eager\" style=\"--ratio: 768 \/ 576\" sizes=\"(max-width: 768px) 100vw, 768px\" alt=\"\" title=\"WhatsApp Image 2025-09-25 at 17.55.08 (1)\" width=\"768\" height=\"576\"  \/><\/a>\n\t<\/div>\n<\/div>\n\n\n<div class=\"post-entry-content\">\n\n\t<h3 class=\"entry-title\">\n\t\t<a href=\"https:\/\/asolaa.ac.at\/wordpress\/alles-laeuft-ein-voller-erfolg\/\" title=\"ALLES L\u00c4UFT &#8211;  ein voller Erfolg!\" rel=\"bookmark\">ALLES L\u00c4UFT &#8211;  ein voller Erfolg!<\/a>\n\t<\/h3>\n\n\t\n\t<div class=\"entry-excerpt\"><p>[vc_row][vc_column][vc_column_text css=&#8220;&#8220;]Im Monat September wurde ein Mal in der Woche \u201eAlles l\u00e4uft\u201c durchgef\u00fchrt. F\u00fcr die Sch\u00fclerInnen hie\u00df es, 15 Minuten&hellip;<\/p>\n<\/div>\n\t\n<a href=\"https:\/\/asolaa.ac.at\/wordpress\/alles-laeuft-ein-voller-erfolg\/\" class=\"dt-btn-s dt-btn post-details details-type-btn\" aria-label=\"Read more about ALLES L\u00c4UFT &#8211;  ein voller Erfolg!\">weiterlesen<i class=\"dt-icon-the7-arrow-03\" aria-hidden=\"true\"><\/i><\/a>\n\n<\/div><\/article><article class=\"post project-odd hidden post-57878 type-post status-publish format-standard has-post-thumbnail hentry category-aktuelles-2025-26 category-452 description-off\" data-name=\"Grillerlebnis im Unterrichtsfach &#8222;Ern\u00e4hrung und Haushalt&#8220;\" data-date=\"2025-09-22T18:29:11+02:00\">\n\n<div class=\"post-thumbnail-wrap\">\n\t<div class=\"post-thumbnail\">\n\n\t\t\n\t\t\n\t\t<a href=\"https:\/\/asolaa.ac.at\/wordpress\/grillerlebnis-im-unterrichtsfach-ernaehrung-und-haushalt\/\" class=\"post-thumbnail-rollover layzr-bg layzr-bg\" ><img decoding=\"async\" class=\"blog-thumb-lazy-load preload-me lazy-load aspect\" src=\"data:image\/svg+xml,%3Csvg%20xmlns%3D&#39;http%3A%2F%2Fwww.w3.org%2F2000%2Fsvg&#39;%20viewBox%3D&#39;0%200%20768%20576&#39;%2F%3E\" data-src=\"https:\/\/asolaa.ac.at\/wordpress\/wp-content\/uploads\/2025\/09\/WhatsApp-Image-2025-09-17-at-13.34.59-768x576.jpeg\" data-srcset=\"https:\/\/asolaa.ac.at\/wordpress\/wp-content\/uploads\/2025\/09\/WhatsApp-Image-2025-09-17-at-13.34.59-768x576.jpeg 768w, https:\/\/asolaa.ac.at\/wordpress\/wp-content\/uploads\/2025\/09\/WhatsApp-Image-2025-09-17-at-13.34.59-1306x979.jpeg 1306w\" loading=\"eager\" style=\"--ratio: 768 \/ 576\" sizes=\"(max-width: 768px) 100vw, 768px\" alt=\"\" title=\"WhatsApp Image 2025-09-17 at 13.34.59\" width=\"768\" height=\"576\"  \/><\/a>\n\t<\/div>\n<\/div>\n\n\n<div class=\"post-entry-content\">\n\n\t<h3 class=\"entry-title\">\n\t\t<a href=\"https:\/\/asolaa.ac.at\/wordpress\/grillerlebnis-im-unterrichtsfach-ernaehrung-und-haushalt\/\" title=\"Grillerlebnis im Unterrichtsfach &#8222;Ern\u00e4hrung und Haushalt&#8220;\" rel=\"bookmark\">Grillerlebnis im Unterrichtsfach &#8222;Ern\u00e4hrung und Haushalt&#8220;<\/a>\n\t<\/h3>\n\n\t\n\t<div class=\"entry-excerpt\"><p>[vc_row][vc_column][vc_column_text css=&#8220;&#8220;]Die Klasse 4E nutzte das sommerliche Wetter Ende September und verlegte den EH-Unterricht nach drau\u00dfen in den Schulhof. Bei&hellip;<\/p>\n<\/div>\n\t\n<a href=\"https:\/\/asolaa.ac.at\/wordpress\/grillerlebnis-im-unterrichtsfach-ernaehrung-und-haushalt\/\" class=\"dt-btn-s dt-btn post-details details-type-btn\" aria-label=\"Read more about Grillerlebnis im Unterrichtsfach &#8222;Ern\u00e4hrung und Haushalt&#8220;\">weiterlesen<i class=\"dt-icon-the7-arrow-03\" aria-hidden=\"true\"><\/i><\/a>\n\n<\/div><\/article><article class=\"post project-odd hidden post-57874 type-post status-publish format-standard has-post-thumbnail hentry category-aktuelles-2025-26 category-452 description-off\" data-name=\"Ausflug in den Sch\u00f6nbrunner Tiergarten\" data-date=\"2025-09-14T15:17:37+02:00\">\n\n<div class=\"post-thumbnail-wrap\">\n\t<div class=\"post-thumbnail\">\n\n\t\t\n\t\t\n\t\t<a href=\"https:\/\/asolaa.ac.at\/wordpress\/ausflug-in-den-schoenbrunner-tiergarten\/\" class=\"post-thumbnail-rollover layzr-bg layzr-bg\" ><img decoding=\"async\" class=\"blog-thumb-lazy-load preload-me lazy-load aspect\" src=\"data:image\/svg+xml,%3Csvg%20xmlns%3D&#39;http%3A%2F%2Fwww.w3.org%2F2000%2Fsvg&#39;%20viewBox%3D&#39;0%200%20768%20556&#39;%2F%3E\" data-src=\"https:\/\/asolaa.ac.at\/wordpress\/wp-content\/uploads\/2025\/09\/WhatsApp-Image-2025-09-14-at-14.41.41-768x556.jpeg\" data-srcset=\"https:\/\/asolaa.ac.at\/wordpress\/wp-content\/uploads\/2025\/09\/WhatsApp-Image-2025-09-14-at-14.41.41-768x556.jpeg 768w, https:\/\/asolaa.ac.at\/wordpress\/wp-content\/uploads\/2025\/09\/WhatsApp-Image-2025-09-14-at-14.41.41-1306x945.jpeg 1306w\" loading=\"eager\" style=\"--ratio: 768 \/ 556\" sizes=\"(max-width: 768px) 100vw, 768px\" alt=\"\" title=\"WhatsApp Image 2025-09-14 at 14.41.41\" width=\"768\" height=\"556\"  \/><\/a>\n\t<\/div>\n<\/div>\n\n\n<div class=\"post-entry-content\">\n\n\t<h3 class=\"entry-title\">\n\t\t<a href=\"https:\/\/asolaa.ac.at\/wordpress\/ausflug-in-den-schoenbrunner-tiergarten\/\" title=\"Ausflug in den Sch\u00f6nbrunner Tiergarten\" rel=\"bookmark\">Ausflug in den Sch\u00f6nbrunner Tiergarten<\/a>\n\t<\/h3>\n\n\t\n\t<div class=\"entry-excerpt\"><p>[vc_row][vc_column][vc_column_text css=&#8220;&#8220;]Am Donnerstag (11.9.2025) \u00a0besuchten alle Klassen unserer Schule im Rahmen einer Exkursion den \u00e4ltesten bestehenden Tiergarten der Welt \u2013&hellip;<\/p>\n<\/div>\n\t\n<a href=\"https:\/\/asolaa.ac.at\/wordpress\/ausflug-in-den-schoenbrunner-tiergarten\/\" class=\"dt-btn-s dt-btn post-details details-type-btn\" aria-label=\"Read more about Ausflug in den Sch\u00f6nbrunner Tiergarten\">weiterlesen<i class=\"dt-icon-the7-arrow-03\" aria-hidden=\"true\"><\/i><\/a>\n\n<\/div><\/article><article class=\"post project-odd hidden post-57870 type-post status-publish format-standard has-post-thumbnail hentry category-aktuelles-2025-26 category-452 description-off\" data-name=\"\u201eAlles l\u00e4uft\u201c lief sehr gut\" data-date=\"2025-09-10T17:42:35+02:00\">\n\n<div class=\"post-thumbnail-wrap\">\n\t<div class=\"post-thumbnail\">\n\n\t\t\n\t\t\n\t\t<a href=\"https:\/\/asolaa.ac.at\/wordpress\/alles-laeuft-lief-sehr-gut\/\" class=\"post-thumbnail-rollover layzr-bg layzr-bg\" ><img decoding=\"async\" class=\"blog-thumb-lazy-load preload-me lazy-load aspect\" src=\"data:image\/svg+xml,%3Csvg%20xmlns%3D&#39;http%3A%2F%2Fwww.w3.org%2F2000%2Fsvg&#39;%20viewBox%3D&#39;0%200%20768%20576&#39;%2F%3E\" data-src=\"https:\/\/asolaa.ac.at\/wordpress\/wp-content\/uploads\/2025\/09\/WhatsApp-Image-2025-09-08-at-20.14.57-3-scaled-768x576.jpeg\" data-srcset=\"https:\/\/asolaa.ac.at\/wordpress\/wp-content\/uploads\/2025\/09\/WhatsApp-Image-2025-09-08-at-20.14.57-3-scaled-768x576.jpeg 768w, https:\/\/asolaa.ac.at\/wordpress\/wp-content\/uploads\/2025\/09\/WhatsApp-Image-2025-09-08-at-20.14.57-3-scaled-1306x979.jpeg 1306w\" loading=\"eager\" style=\"--ratio: 768 \/ 576\" sizes=\"(max-width: 768px) 100vw, 768px\" alt=\"\" title=\"WhatsApp Image 2025-09-08 at 20.14.57 (3)\" width=\"768\" height=\"576\"  \/><\/a>\n\t<\/div>\n<\/div>\n\n\n<div class=\"post-entry-content\">\n\n\t<h3 class=\"entry-title\">\n\t\t<a href=\"https:\/\/asolaa.ac.at\/wordpress\/alles-laeuft-lief-sehr-gut\/\" title=\"\u201eAlles l\u00e4uft\u201c lief sehr gut\" rel=\"bookmark\">\u201eAlles l\u00e4uft\u201c lief sehr gut<\/a>\n\t<\/h3>\n\n\t\n\t<div class=\"entry-excerpt\"><p>[vc_row][vc_column][vc_column_text css=&#8220;&#8220;]Unsere Schule startet im September einen Versuch. Weil Bewegung ja gesund ist, stellte sich jede\/r Sch\u00fclerIn in der ersten&hellip;<\/p>\n<\/div>\n\t\n<a href=\"https:\/\/asolaa.ac.at\/wordpress\/alles-laeuft-lief-sehr-gut\/\" class=\"dt-btn-s dt-btn post-details details-type-btn\" aria-label=\"Read more about \u201eAlles l\u00e4uft\u201c lief sehr gut\">weiterlesen<i class=\"dt-icon-the7-arrow-03\" aria-hidden=\"true\"><\/i><\/a>\n\n<\/div><\/article><article class=\"post project-odd hidden post-57866 type-post status-publish format-standard has-post-thumbnail hentry category-aktuelles-2025-26 category-452 description-off\" data-name=\"Jedem Anfang wohnt ein Zauber inne!\" data-date=\"2025-09-01T16:36:55+02:00\">\n\n<div class=\"post-thumbnail-wrap\">\n\t<div class=\"post-thumbnail\">\n\n\t\t\n\t\t\n\t\t<a href=\"https:\/\/asolaa.ac.at\/wordpress\/jedem-anfang-wohnt-ein-zauber-inne\/\" class=\"post-thumbnail-rollover layzr-bg layzr-bg\" ><img decoding=\"async\" class=\"blog-thumb-lazy-load preload-me lazy-load aspect\" src=\"data:image\/svg+xml,%3Csvg%20xmlns%3D&#39;http%3A%2F%2Fwww.w3.org%2F2000%2Fsvg&#39;%20viewBox%3D&#39;0%200%20768%20576&#39;%2F%3E\" data-src=\"https:\/\/asolaa.ac.at\/wordpress\/wp-content\/uploads\/2025\/09\/WhatsApp-Image-2025-09-01-at-16.24.37-2-768x576.jpeg\" data-srcset=\"https:\/\/asolaa.ac.at\/wordpress\/wp-content\/uploads\/2025\/09\/WhatsApp-Image-2025-09-01-at-16.24.37-2-768x576.jpeg 768w, https:\/\/asolaa.ac.at\/wordpress\/wp-content\/uploads\/2025\/09\/WhatsApp-Image-2025-09-01-at-16.24.37-2-1306x979.jpeg 1306w\" loading=\"eager\" style=\"--ratio: 768 \/ 576\" sizes=\"(max-width: 768px) 100vw, 768px\" alt=\"\" title=\"WhatsApp Image 2025-09-01 at 16.24.37 (2)\" width=\"768\" height=\"576\"  \/><\/a>\n\t<\/div>\n<\/div>\n\n\n<div class=\"post-entry-content\">\n\n\t<h3 class=\"entry-title\">\n\t\t<a href=\"https:\/\/asolaa.ac.at\/wordpress\/jedem-anfang-wohnt-ein-zauber-inne\/\" title=\"Jedem Anfang wohnt ein Zauber inne!\" rel=\"bookmark\">Jedem Anfang wohnt ein Zauber inne!<\/a>\n\t<\/h3>\n\n\t\n\t<div class=\"entry-excerpt\"><p>[vc_row][vc_column][vc_column_text css=&#8220;&#8220;]Auch in diesem Schuljahr durften wir den Schulstart mit einer feierlichen und zugleich besinnlichen Andacht begehen. Unter dem Jahresmotto&hellip;<\/p>\n<\/div>\n\t\n<a href=\"https:\/\/asolaa.ac.at\/wordpress\/jedem-anfang-wohnt-ein-zauber-inne\/\" class=\"dt-btn-s dt-btn post-details details-type-btn\" aria-label=\"Read more about Jedem Anfang wohnt ein Zauber inne!\">weiterlesen<i class=\"dt-icon-the7-arrow-03\" aria-hidden=\"true\"><\/i><\/a>\n\n<\/div><\/article><div class=\"paginator paginator-more-button\">\n\t\t\t\t<a class=\"button-load-more \" href=\"javascript:void(0);\" data-dt-page=\"1\" ><span class=\"stick\"><\/span><span class=\"stick\"><\/span><span class=\"stick\"><\/span><span class=\"button-caption\">Mehr laden<\/span><\/a>\n\t\t\t<\/div><\/div>[\/vc_column][\/vc_row][vc_row][vc_column][vc_empty_space][\/vc_column][\/vc_row]<\/p>\n<\/div>","protected":false},"excerpt":{"rendered":"<p>[vc_row][vc_column][\/vc_column][\/vc_row][vc_row][vc_column][vc_empty_space][\/vc_column][\/vc_row]<\/p>\n","protected":false},"author":1,"featured_media":0,"parent":0,"menu_order":0,"comment_status":"closed","ping_status":"closed","template":"","meta":{"footnotes":""},"class_list":["post-1825","page","type-page","status-publish","hentry","description-off"],"aioseo_notices":[],"_links":{"self":[{"href":"https:\/\/asolaa.ac.at\/wordpress\/wp-json\/wp\/v2\/pages\/1825","targetHints":{"allow":["GET"]}}],"collection":[{"href":"https:\/\/asolaa.ac.at\/wordpress\/wp-json\/wp\/v2\/pages"}],"about":[{"href":"https:\/\/asolaa.ac.at\/wordpress\/wp-json\/wp\/v2\/types\/page"}],"author":[{"embeddable":true,"href":"https:\/\/asolaa.ac.at\/wordpress\/wp-json\/wp\/v2\/users\/1"}],"replies":[{"embeddable":true,"href":"https:\/\/asolaa.ac.at\/wordpress\/wp-json\/wp\/v2\/comments?post=1825"}],"version-history":[{"count":38,"href":"https:\/\/asolaa.ac.at\/wordpress\/wp-json\/wp\/v2\/pages\/1825\/revisions"}],"predecessor-version":[{"id":57957,"href":"https:\/\/asolaa.ac.at\/wordpress\/wp-json\/wp\/v2\/pages\/1825\/revisions\/57957"}],"wp:attachment":[{"href":"https:\/\/asolaa.ac.at\/wordpress\/wp-json\/wp\/v2\/media?parent=1825"}],"curies":[{"name":"wp","href":"https:\/\/api.w.org\/{rel}","templated":true}]}}